{"id":60,"date":"2019-04-08T17:14:47","date_gmt":"2019-04-08T17:14:47","guid":{"rendered":"https:\/\/wordpress.hinterwaeldervieh.ch\/wordpress\/?page_id=60"},"modified":"2020-07-09T12:16:14","modified_gmt":"2020-07-09T12:16:14","slug":"inserate","status":"publish","type":"page","link":"https:\/\/test.hinterwaeldervieh.ch\/fr\/inserate\/","title":{"rendered":"Annonces"},"content":{"rendered":"<h2>Annonces<br \/><\/h2>\n<p>\u00a0<\/p>\n<table style=\"font-family: -webkit-standard; width: 1030px; border-style: none;\" border=\"1\" width=\"100%\" cellspacing=\"0\" cellpadding=\"0\">\n<tbody>\n<tr>\n<td style=\"width: 1015.65625px; border-style: none; padding: 0cm 5.4pt;\" colspan=\"3\" valign=\"top\" width=\"100%\">\n<p style=\"margin: 0cm 0cm 0.0001pt; font-size: 11pt; font-family: Verdana, sans-serif;\">Les diff\u00e9rents types d\u2019 annonces et leur prix\u00a0:<\/p>\n<p style=\"margin: 0cm 0cm 0.0001pt; font-size: 11pt; font-family: Verdana, sans-serif;\">\u00a0<\/p>\n<p style=\"margin: 0cm 0cm 0.0001pt; font-size: 11pt; font-family: Verdana, sans-serif;\">Une annonce, dans notre journal, de la taille de 1\/6 de page\u00a0<\/p>\n<p style=\"margin: 0cm 0cm 0.0001pt 36pt; font-size: 11pt; font-family: Verdana, sans-serif; text-indent: -18pt;\">\u00b7\u00a0\u00a0\u00a0\u00a0\u00a0\u00a0\u00a0\u00a0\u00a0sans photo\u00a0Fr 25.-<\/p>\n<p style=\"margin: 0cm 0cm 0.0001pt 36pt; font-size: 11pt; font-family: Verdana, sans-serif; text-indent: -18pt;\">\u00b7\u00a0\u00a0\u00a0\u00a0\u00a0\u00a0\u00a0\u00a0\u00a0avec photo\u00a0Fr 35.-<\/p>\n<p style=\"margin: 0cm 0cm 0.0001pt; font-size: 11pt; font-family: Verdana, sans-serif;\">\u00a0<\/p>\n<p style=\"margin: 0cm 0cm 0.0001pt; font-size: 11pt; font-family: Verdana, sans-serif;\">Une annonce sur notre site internet (pendant\u00a02 mois) pour 1\/6 de page<\/p>\n<p style=\"margin: 0cm 0cm 0.0001pt 36pt; font-size: 11pt; font-family: Verdana, sans-serif; text-indent: -18pt;\">\u00b7\u00a0\u00a0\u00a0\u00a0\u00a0\u00a0\u00a0\u00a0\u00a0sans photo\u00a0Fr 25.-<\/p>\n<p style=\"margin: 0cm 0cm 0.0001pt 36pt; font-size: 11pt; font-family: Verdana, sans-serif; text-indent: -18pt;\">\u00b7\u00a0\u00a0\u00a0\u00a0\u00a0\u00a0\u00a0\u00a0\u00a0avec photo\u00a0Fr 35.-<\/p>\n<p style=\"margin: 0cm 0cm 0.0001pt; font-size: 11pt; font-family: Verdana, sans-serif;\">\u00a0<\/p>\n<p style=\"margin: 0cm 0cm 0.0001pt; font-size: 11pt; font-family: Verdana, sans-serif;\">La combinaison d\u2019une annonce dans notre journal et sur le site internet<\/p>\n<p style=\"margin: 0cm 0cm 0.0001pt 36pt; font-size: 11pt; font-family: Verdana, sans-serif; text-indent: -18pt;\">\u00b7\u00a0\u00a0\u00a0\u00a0\u00a0\u00a0\u00a0\u00a0\u00a0sans photo\u00a0Fr 40.-<\/p>\n<p style=\"margin: 0cm 0cm 0.0001pt 36pt; font-size: 11pt; font-family: Verdana, sans-serif; text-indent: -18pt;\">\u00b7\u00a0\u00a0\u00a0\u00a0\u00a0\u00a0\u00a0\u00a0\u00a0avec photo Fr 50.-<\/p>\n<p style=\"margin: 0cm 0cm 0.0001pt; font-size: 11pt; font-family: Verdana, sans-serif;\">\u00a0<\/p>\n<p style=\"margin: 0cm 0cm 0.0001pt; font-size: 11pt; font-family: Verdana, sans-serif;\">Les annonces sous la rubrique \u00ab\u00a0\u00e0 donner\u00a0\u00bb\u00a0sont gratuites<\/p>\n<p style=\"margin: 0cm 0cm 0.0001pt; font-size: 11pt; font-family: Verdana, sans-serif;\">\u00a0<\/p>\n<p style=\"margin: 0cm 0cm 0.0001pt; font-size: 11pt; font-family: Verdana, sans-serif;\">\u00a0<\/p>\n<p style=\"margin: 0cm 0cm 0.0001pt; font-size: 11pt; font-family: Verdana, sans-serif;\">Contact<\/p>\n<p style=\"margin: 0cm 0cm 0.0001pt; font-size: 11pt; font-family: Verdana, sans-serif;\">Kathrin Berger, Unteregg 696, 3553 Gohl<\/p>\n<p style=\"margin: 0cm 0cm 0.0001pt; font-size: 11pt; font-family: Verdana, sans-serif;\">t\u00e9l\u00a0: 034 402 32 37<\/p>\n<p style=\"margin: 0cm 0cm 0.0001pt; font-size: 11pt; font-family: Verdana, sans-serif;\"><a style=\"font-family: Verdana, sans-serif; color: #000000;\" href=\"mailto:k.berger@hinterwaeldervieh.ch%0d\">k.berger at hinterwaeldervieh.ch<\/a><\/p>\n<p style=\"margin: 0cm 0cm 0.0001pt; font-size: 11pt; font-family: Verdana, sans-serif;\">\u00a0<\/p>\n<p style=\"margin: 0cm 0cm 0.0001pt; font-size: 11pt; font-family: Verdana, sans-serif;\">\u00a0<\/p>\n<p style=\"margin: 0cm 0cm 0.0001pt; font-size: 11pt; font-family: Verdana, sans-serif;\">\u00a0<\/p>\n<\/td>\n<\/tr>\n<tr>\n<td style=\"width: 1015.65625px; border-style: none; padding: 0cm 5.4pt;\" colspan=\"3\" valign=\"top\" width=\"100%\">\n<p style=\"margin: 0cm 0cm 0.0001pt; font-size: 11pt; font-family: Verdana, sans-serif;\">\u00a0<\/p>\n<\/td>\n<\/tr>\n<tr>\n<td style=\"width: 1015.65625px; border-style: none; padding: 0cm 5.4pt;\" colspan=\"3\" valign=\"top\" width=\"100%\">\n<p style=\"margin: 0cm 0cm 0.0001pt; font-size: 11pt; font-family: Verdana, sans-serif;\">Annonces<\/p>\n<\/td>\n<\/tr>\n<tr>\n<td style=\"width: 1015.65625px; border-style: none; padding: 0cm 5.4pt;\" colspan=\"3\" valign=\"top\" width=\"100%\">\n<p style=\"margin: 0cm 0cm 0.0001pt; font-size: 11pt; font-family: Verdana, sans-serif;\">\u00a0<\/p>\n<\/td>\n<\/tr>\n<tr>\n<td style=\"width: 1015.65625px; border-style: none; padding: 0cm 5.4pt;\" colspan=\"3\" valign=\"top\" width=\"100%\">\n<p style=\"margin: 0cm 0cm 0.0001pt; font-size: 11pt; font-family: Verdana, sans-serif;\">\u00a0<\/p>\n<\/td>\n<\/tr>\n<\/tbody>\n<\/table>\n<table style=\"font-family: -webkit-standard; width: 1030px; border-style: none;\" border=\"0\" width=\"100%\" cellspacing=\"0\" cellpadding=\"0\">\n<tbody>\n<tr>\n<td style=\"width: 741.65625px; background-color: #d9ffd9; padding: 0cm 5.4pt; background-position: initial initial; background-repeat: initial initial;\" valign=\"top\" width=\"73%\">\n<p style=\"margin: 0cm 0cm 0.0001pt; font-size: 11pt; font-family: Verdana, sans-serif;\">01. 05.2017<\/p>\n<p style=\"margin: 0cm 0cm 0.0001pt; font-size: 11pt; font-family: Verdana, sans-serif;\"><b>\u00a0<\/b><\/p>\n<p style=\"margin: 0cm 0cm 0.0001pt; font-size: 11pt; font-family: Verdana, sans-serif;\"><b>On cherche des producteurs<\/b><\/p>\n<p style=\"margin: 0cm 0cm 0.0001pt; font-size: 11pt; font-family: Verdana, sans-serif;\">\u00e0 m\u00eame de livrer du\u00a0<b>b\u00e9tail de boucherie Hinterwald<\/b>\u00a0\u00a0<\/p>\n<p style=\"margin: 0cm 0cm 0.0001pt; font-size: 11pt; font-family: Verdana, sans-serif;\">au restaurant Schauenberg<\/p>\n<p style=\"margin: 0cm 0cm 0.0001pt; font-size: 11pt; font-family: Verdana, sans-serif;\">Tiefenstein 35<\/p>\n<p style=\"margin: 0cm 0cm 0.0001pt; font-size: 11pt; font-family: Verdana, sans-serif;\">8354 Hofstetten<\/p>\n<p style=\"margin: 0cm 0cm 0.0001pt; font-size: 11pt; font-family: Verdana, sans-serif;\">\u00a0<\/p>\n<p style=\"margin: 0cm 0cm 0.0001pt; font-size: 11pt; font-family: Verdana, sans-serif;\">Livraison par le producteur \u00e0 l\u2019abattoir d\u2019Hofstetten<\/p>\n<p style=\"margin: 0cm 0cm 0.0001pt; font-size: 11pt; font-family: Verdana, sans-serif;\">ou livraison en quartiers directement au Restaurant Schauenberg<\/p>\n<p style=\"margin: 0cm 0cm 0.0001pt; font-size: 11pt; font-family: Verdana, sans-serif;\">Besoins annuels jusqu\u2019\u00e0 12 pi\u00e8ces, vaches, g\u00e9nisses, b\u0153ufs, taurillons et occasionnellement veau<\/p>\n<p style=\"margin: 0cm 0cm 0.0001pt; font-size: 11pt; font-family: Verdana, sans-serif;\">\u00a0<\/p>\n<p style=\"margin: 0cm 0cm 0.0001pt; font-size: 11pt; font-family: Verdana, sans-serif;\">Participez \u00e0 la promotion des Hinterwald sur la carte des mets et prenez contact avec<\/p>\n<p style=\"margin: 0cm 0cm 0.0001pt; font-size: 11pt; font-family: Verdana, sans-serif;\">Monsieur Christof Pannwitz\u00a0<\/p>\n<p style=\"margin: 0cm 0cm 0.0001pt; font-size: 11pt; font-family: Verdana, sans-serif;\">052 364 35 34 ou 078 736 80 05<\/p>\n<p style=\"margin: 0cm 0cm 0.0001pt; font-size: 11pt; font-family: Verdana, sans-serif;\">\u00a0<\/p>\n<p style=\"margin: 0cm 0cm 0.0001pt; font-size: 11pt; font-family: Verdana, sans-serif;\"><img loading=\"lazy\" decoding=\"async\" src=\"http:\/\/www.hinterwaeldervieh.ch\/SHZ-F\/inserat-Dateien\/image006.jpg\" alt=\"cid:898F822F-BD25-43CC-B240-C57FA5418A22@formidable.local\" width=\"189\" height=\"189\" border=\"0\" \/><\/p>\n<p style=\"margin: 0cm 0cm 0.0001pt 10.8pt; font-size: 11pt; font-family: Verdana, sans-serif;\">\u00a0<\/p>\n<\/td>\n<td style=\"width: 259.609375px; padding: 0cm 5.4pt;\" valign=\"top\" width=\"26%\">\n<p style=\"margin: 0cm -5.4pt 0.0001pt 0cm; font-size: 11pt; font-family: Verdana, sans-serif;\"><b>\u00a0<\/b><\/p>\n<\/td>\n<\/tr>\n<\/tbody>\n<\/table>\n<table style=\"font-family: -webkit-standard; width: 1030px; border-style: none;\" border=\"1\" width=\"100%\" cellspacing=\"0\" cellpadding=\"0\">\n<tbody>\n<tr>\n<td style=\"width: 1015.640625px; border-style: none; padding: 0cm 5.4pt;\" colspan=\"4\" valign=\"top\" width=\"100%\">\n<p style=\"margin: 0cm 0cm 0.0001pt; font-size: 11pt; font-family: Verdana, sans-serif;\">\u00a0<\/p>\n<\/td>\n<\/tr>\n<\/tbody>\n<\/table>\n","protected":false},"excerpt":{"rendered":"<p>Annonces \u00a0 Les diff\u00e9rents types d\u2019 annonces et leur prix\u00a0: \u00a0 Une annonce, dans notre journal, de la taille de 1\/6 de page\u00a0 \u00b7\u00a0\u00a0\u00a0\u00a0\u00a0\u00a0\u00a0\u00a0\u00a0sans photo\u00a0Fr 25.- \u00b7\u00a0\u00a0\u00a0\u00a0\u00a0\u00a0\u00a0\u00a0\u00a0avec photo\u00a0Fr 35.- \u00a0 Une annonce sur notre site internet (pendant\u00a02 mois) pour 1\/6 de page \u00b7\u00a0\u00a0\u00a0\u00a0\u00a0\u00a0\u00a0\u00a0\u00a0sans photo\u00a0Fr 25.- \u00b7\u00a0\u00a0\u00a0\u00a0\u00a0\u00a0\u00a0\u00a0\u00a0avec photo\u00a0Fr 35.- \u00a0 La combinaison d\u2019une annonce dans notre [&hellip;]<\/p>\n","protected":false},"author":1,"featured_media":0,"parent":0,"menu_order":0,"comment_status":"closed","ping_status":"closed","template":"","meta":{"footnotes":""},"class_list":["post-60","page","type-page","status-publish","hentry","entry"],"translation":{"provider":"WPGlobus","version":"2.12.2","language":"fr","enabled_languages":["de","fr"],"languages":{"de":{"title":true,"content":true,"excerpt":false},"fr":{"title":true,"content":true,"excerpt":false}}},"yoast_head":"<!-- This site is optimized with the Yoast SEO plugin v21.6 - https:\/\/yoast.com\/wordpress\/plugins\/seo\/ -->\n<title>Annonces - Association Suisse d`\u00e9levage de la vache d`Hinterwald<\/title>\n<meta name=\"robots\" content=\"noindex, follow, max-snippet:-1, max-image-preview:large, max-video-preview:-1\" \/>\n<meta property=\"og:locale\" content=\"fr_FR\" \/>\n<meta property=\"og:type\" content=\"article\" \/>\n<meta property=\"og:title\" content=\"Annonces - Association Suisse d`\u00e9levage de la vache d`Hinterwald\" \/>\n<meta property=\"og:url\" content=\"https:\/\/test.hinterwaeldervieh.ch\/inserate\/\" \/>\n<meta property=\"og:site_name\" content=\"Association Suisse d`\u00e9levage de la vache d`Hinterwald\" \/>\n<meta property=\"article:modified_time\" content=\"2020-07-09T12:16:14+00:00\" \/>\n<meta property=\"og:image\" content=\"https:\/\/hinterwaeldervieh.ch\/wp-content\/uploads\/2019\/12\/IMG_20191017_101550_resized_20191107_093037358-1024x768.jpg\" \/>\n<meta name=\"twitter:card\" content=\"summary_large_image\" \/>\n<meta name=\"twitter:label1\" content=\"Est. reading time\" \/>\n\t<meta name=\"twitter:data1\" content=\"1 minute\" \/>\n<script type=\"application\/ld+json\" class=\"yoast-schema-graph\">{\"@context\":\"https:\/\/schema.org\",\"@graph\":[{\"@type\":\"WebPage\",\"@id\":\"https:\/\/test.hinterwaeldervieh.ch\/inserate\/\",\"url\":\"https:\/\/test.hinterwaeldervieh.ch\/inserate\/\",\"name\":\"Annonces - Association Suisse d`\u00e9levage de la vache d`Hinterwald\",\"isPartOf\":{\"@id\":\"https:\/\/test.hinterwaeldervieh.ch\/#website\"},\"datePublished\":\"2019-04-08T17:14:47+00:00\",\"dateModified\":\"2020-07-09T12:16:14+00:00\",\"breadcrumb\":{\"@id\":\"https:\/\/test.hinterwaeldervieh.ch\/inserate\/#breadcrumb\"},\"inLanguage\":\"fr-FR\",\"potentialAction\":[{\"@type\":\"ReadAction\",\"target\":[\"https:\/\/test.hinterwaeldervieh.ch\/inserate\/\"]}]},{\"@type\":\"BreadcrumbList\",\"@id\":\"https:\/\/test.hinterwaeldervieh.ch\/inserate\/#breadcrumb\",\"itemListElement\":[{\"@type\":\"ListItem\",\"position\":1,\"name\":\"Home\",\"item\":\"https:\/\/test.hinterwaeldervieh.ch\/\"},{\"@type\":\"ListItem\",\"position\":2,\"name\":\"Inserate\"}]},{\"@type\":\"WebSite\",\"@id\":\"https:\/\/test.hinterwaeldervieh.ch\/#website\",\"url\":\"https:\/\/test.hinterwaeldervieh.ch\/\",\"name\":\"Schweizerischer Hinterw\u00e4lder Zuchtverein\",\"description\":\"\",\"publisher\":{\"@id\":\"https:\/\/test.hinterwaeldervieh.ch\/#organization\"},\"potentialAction\":[{\"@type\":\"SearchAction\",\"target\":{\"@type\":\"EntryPoint\",\"urlTemplate\":\"https:\/\/test.hinterwaeldervieh.ch\/?s={search_term_string}\"},\"query-input\":\"required name=search_term_string\"}],\"inLanguage\":\"fr-FR\"},{\"@type\":\"Organization\",\"@id\":\"https:\/\/test.hinterwaeldervieh.ch\/#organization\",\"name\":\"Hinterw\u00e4lder Zuchtverein\",\"url\":\"https:\/\/test.hinterwaeldervieh.ch\/\",\"logo\":{\"@type\":\"ImageObject\",\"inLanguage\":\"fr-FR\",\"@id\":\"https:\/\/test.hinterwaeldervieh.ch\/#\/schema\/logo\/image\/\",\"url\":\"https:\/\/test.hinterwaeldervieh.ch\/wp-content\/uploads\/2019\/10\/LOGO-SHZ.jpg\",\"contentUrl\":\"https:\/\/test.hinterwaeldervieh.ch\/wp-content\/uploads\/2019\/10\/LOGO-SHZ.jpg\",\"width\":1580,\"height\":848,\"caption\":\"Hinterw\u00e4lder Zuchtverein\"},\"image\":{\"@id\":\"https:\/\/test.hinterwaeldervieh.ch\/#\/schema\/logo\/image\/\"}}]}<\/script>\n<!-- \/ Yoast SEO plugin. -->","yoast_head_json":{"title":"Annonces - Association Suisse d`\u00e9levage de la vache d`Hinterwald","robots":{"index":"noindex","follow":"follow","max-snippet":"max-snippet:-1","max-image-preview":"max-image-preview:large","max-video-preview":"max-video-preview:-1"},"og_locale":"fr_FR","og_type":"article","og_title":"Annonces - Association Suisse d`\u00e9levage de la vache d`Hinterwald","og_url":"https:\/\/test.hinterwaeldervieh.ch\/inserate\/","og_site_name":"Association Suisse d`\u00e9levage de la vache d`Hinterwald","article_modified_time":"2020-07-09T12:16:14+00:00","og_image":[{"url":"https:\/\/hinterwaeldervieh.ch\/wp-content\/uploads\/2019\/12\/IMG_20191017_101550_resized_20191107_093037358-1024x768.jpg"}],"twitter_card":"summary_large_image","twitter_misc":{"Est. reading time":"1 minute"},"schema":{"@context":"https:\/\/schema.org","@graph":[{"@type":"WebPage","@id":"https:\/\/test.hinterwaeldervieh.ch\/inserate\/","url":"https:\/\/test.hinterwaeldervieh.ch\/inserate\/","name":"Annonces - Association Suisse d`\u00e9levage de la vache d`Hinterwald","isPartOf":{"@id":"https:\/\/test.hinterwaeldervieh.ch\/#website"},"datePublished":"2019-04-08T17:14:47+00:00","dateModified":"2020-07-09T12:16:14+00:00","breadcrumb":{"@id":"https:\/\/test.hinterwaeldervieh.ch\/inserate\/#breadcrumb"},"inLanguage":"fr-FR","potentialAction":[{"@type":"ReadAction","target":["https:\/\/test.hinterwaeldervieh.ch\/inserate\/"]}]},{"@type":"BreadcrumbList","@id":"https:\/\/test.hinterwaeldervieh.ch\/inserate\/#breadcrumb","itemListElement":[{"@type":"ListItem","position":1,"name":"Home","item":"https:\/\/test.hinterwaeldervieh.ch\/"},{"@type":"ListItem","position":2,"name":"Inserate"}]},{"@type":"WebSite","@id":"https:\/\/test.hinterwaeldervieh.ch\/#website","url":"https:\/\/test.hinterwaeldervieh.ch\/","name":"Schweizerischer Hinterw\u00e4lder Zuchtverein","description":"","publisher":{"@id":"https:\/\/test.hinterwaeldervieh.ch\/#organization"},"potentialAction":[{"@type":"SearchAction","target":{"@type":"EntryPoint","urlTemplate":"https:\/\/test.hinterwaeldervieh.ch\/?s={search_term_string}"},"query-input":"required name=search_term_string"}],"inLanguage":"fr-FR"},{"@type":"Organization","@id":"https:\/\/test.hinterwaeldervieh.ch\/#organization","name":"Hinterw\u00e4lder Zuchtverein","url":"https:\/\/test.hinterwaeldervieh.ch\/","logo":{"@type":"ImageObject","inLanguage":"fr-FR","@id":"https:\/\/test.hinterwaeldervieh.ch\/#\/schema\/logo\/image\/","url":"https:\/\/test.hinterwaeldervieh.ch\/wp-content\/uploads\/2019\/10\/LOGO-SHZ.jpg","contentUrl":"https:\/\/test.hinterwaeldervieh.ch\/wp-content\/uploads\/2019\/10\/LOGO-SHZ.jpg","width":1580,"height":848,"caption":"Hinterw\u00e4lder Zuchtverein"},"image":{"@id":"https:\/\/test.hinterwaeldervieh.ch\/#\/schema\/logo\/image\/"}}]}},"_links":{"self":[{"href":"https:\/\/test.hinterwaeldervieh.ch\/fr\/wp-json\/wp\/v2\/pages\/60","targetHints":{"allow":["GET"]}}],"collection":[{"href":"https:\/\/test.hinterwaeldervieh.ch\/fr\/wp-json\/wp\/v2\/pages"}],"about":[{"href":"https:\/\/test.hinterwaeldervieh.ch\/fr\/wp-json\/wp\/v2\/types\/page"}],"author":[{"embeddable":true,"href":"https:\/\/test.hinterwaeldervieh.ch\/fr\/wp-json\/wp\/v2\/users\/1"}],"replies":[{"embeddable":true,"href":"https:\/\/test.hinterwaeldervieh.ch\/fr\/wp-json\/wp\/v2\/comments?post=60"}],"version-history":[{"count":20,"href":"https:\/\/test.hinterwaeldervieh.ch\/fr\/wp-json\/wp\/v2\/pages\/60\/revisions"}],"predecessor-version":[{"id":746,"href":"https:\/\/test.hinterwaeldervieh.ch\/fr\/wp-json\/wp\/v2\/pages\/60\/revisions\/746"}],"wp:attachment":[{"href":"https:\/\/test.hinterwaeldervieh.ch\/fr\/wp-json\/wp\/v2\/media?parent=60"}],"curies":[{"name":"wp","href":"https:\/\/api.w.org\/{rel}","templated":true}]}}