{"id":52,"date":"2019-04-08T17:13:49","date_gmt":"2019-04-08T17:13:49","guid":{"rendered":"https:\/\/wordpress.hinterwaeldervieh.ch\/wordpress\/?page_id=52"},"modified":"2020-02-22T14:38:22","modified_gmt":"2020-02-22T14:38:22","slug":"geschichte","status":"publish","type":"page","link":"https:\/\/test.hinterwaeldervieh.ch\/fr\/geschichte\/","title":{"rendered":"L&#8217;histoire"},"content":{"rendered":"<h2>Histoire de l&#8217;association<\/h2>\n<p style=\"margin: 0cm 0cm 0.0001pt; font-size: 11pt; font-family: Verdana, sans-serif; color: #000000; font-style: normal; font-variant-caps: normal;\">L&#8217;association suisse d\u2019\u00e9levage de la vache d\u2019Hinterwald \u00e0 partir de 1988<\/p>\n<p style=\"margin: 0cm 0cm 0.0001pt; font-size: 11pt; font-family: Verdana, sans-serif; color: #000000; font-style: normal; font-variant-caps: normal;\">M\u00eame si quelques vaches Hinterwald broutaient ici et l\u00e0 depuis une vingtaine d\u2019ann\u00e9es en Suisse, on n\u2019y trouvait aucune trace d\u2019association et la question ne se posait m\u00eame pas. En 1984, Pro Spezie Rara a import\u00e9 en Suisse 18 t\u00eates de b\u00e9tail en provenance de la For\u00eat Noire. Par ce geste, ce b\u00e9tail en voie d\u2019extinction durant une centaine d\u2019ann\u00e9es, redevenait indig\u00e8ne. Durant les ann\u00e9es 1985\/86\/87,\u00a076 vaches, 7 g\u00e9nisses et un taureau ont \u00e9t\u00e9 import\u00e9s. Ce n&#8217;\u00e9tait pas difficile de trouver des \u00e9leveurs en Suisse, il existait d\u00e9j\u00e0 une liste d&#8217;attente. Les premiers animaux et leur descendance proche sont rest\u00e9s en\u00a0\u00a0possession de Pro Specie Rara et les \u00e9leveurs payaient une sorte de location \u00e0 la fondation. A terme, cette solution s\u2019est av\u00e9r\u00e9e peu satisfaisante et les \u00e9leveurs ont commenc\u00e9 \u00e0 s&#8217;organiser entre eux\u00a0: le besoin de fonder une association d\u2019\u00e9levage \u00e9tait n\u00e9.<\/p>\n<p style=\"margin: 0cm 0cm 0.0001pt; font-size: 11pt; font-family: Verdana, sans-serif; color: #000000; font-style: normal; font-variant-caps: normal;\">\u00a0<\/p>\n<p style=\"margin: 0cm 0cm 0.0001pt; font-size: 11pt; font-family: Verdana, sans-serif; color: #000000; font-style: normal; font-variant-caps: normal;\">1988: La cr\u00e9ation de l\u2019association<\/p>\n<p style=\"margin: 0cm 0cm 0.0001pt; font-size: 11pt; font-family: Verdana, sans-serif; color: #000000; font-style: normal; font-variant-caps: normal;\">L&#8217;assembl\u00e9e constitutive a eu lieu au printemps 1988. Au d\u00e9but, l&#8217;association d\u00e9pendait encore de Pro Specie Rara et de son appui financier. Les buts d\u2019\u00e9levage et les dispositions du livre g\u00e9n\u00e9alogique ont \u00e9t\u00e9 \u00e9labor\u00e9s. Il s\u2019est trouv\u00e9 d\u00e8s le d\u00e9but quelques \u00e9leveurs pr\u00eats \u00e0 faire effectuer les contr\u00f4les laitiers de leur troupeau afin de d\u00e9terminer les premi\u00e8res donn\u00e9es de performance.\u00a0\u00a0Le livre g\u00e9n\u00e9alogique se pr\u00e9sentait sous la forme de cartes de donn\u00e9es qui, comme les papiers d\u2019ascendance, \u00e9taient remplies \u00e0 la main. Ce fut un grand soulagement lorsque toutes les donn\u00e9es ont pu \u00eatre saisies sur un programme d&#8217;ordinateur.\u00a0<\/p>\n<p style=\"margin: 0cm 0cm 0.0001pt; font-size: 11pt; font-family: Verdana, sans-serif; color: #000000; font-style: normal; font-variant-caps: normal;\">\u00a0<\/p>\n<p style=\"margin: 0cm 0cm 0.0001pt; font-size: 11pt; font-family: Verdana, sans-serif; color: #000000; font-style: normal; font-variant-caps: normal;\">La reconnaissance de l\u2019association<\/p>\n<p style=\"margin: 0cm 0cm 0.0001pt; font-size: 11pt; font-family: Verdana, sans-serif; color: #000000; font-style: normal; font-variant-caps: normal;\">Apr\u00e8s deux importations suppl\u00e9mentaires en 94 et 97, la nouvelle ordonnance sur la protection des animaux en Suisse a permis, en 1998, de d\u00e9poser une requ\u00eate \u00e0 l\u2019Etat pour une reconnaissance en tant qu\u2019association d\u2019\u00e9levage.<br \/>C\u2019est ainsi que l\u2019association d\u2019\u00e9levage de la vache d\u2019Hinterwald est devenue ind\u00e9pendante en Suisse et que ses contributions financi\u00e8res lui parviennent direstement de l\u2019Etat et de ses propres membres.\u00a0<\/p>\n<p style=\"margin: 0cm 0cm 0.0001pt; font-size: 11pt; font-family: Verdana, sans-serif; color: #000000; font-style: normal; font-variant-caps: normal;\">\u00a0<\/p>\n","protected":false},"excerpt":{"rendered":"<p>Histoire de l&#8217;association L&#8217;association suisse d\u2019\u00e9levage de la vache d\u2019Hinterwald \u00e0 partir de 1988 M\u00eame si quelques vaches Hinterwald broutaient ici et l\u00e0 depuis une vingtaine d\u2019ann\u00e9es en Suisse, on n\u2019y trouvait aucune trace d\u2019association et la question ne se posait m\u00eame pas. En 1984, Pro Spezie Rara a import\u00e9 en Suisse 18 t\u00eates de [&hellip;]<\/p>\n","protected":false},"author":1,"featured_media":0,"parent":0,"menu_order":0,"comment_status":"closed","ping_status":"closed","template":"","meta":{"footnotes":""},"class_list":["post-52","page","type-page","status-publish","hentry","entry"],"translation":{"provider":"WPGlobus","version":"2.12.2","language":"fr","enabled_languages":["de","fr"],"languages":{"de":{"title":true,"content":true,"excerpt":false},"fr":{"title":true,"content":true,"excerpt":false}}},"yoast_head":"<!-- This site is optimized with the Yoast SEO plugin v21.6 - https:\/\/yoast.com\/wordpress\/plugins\/seo\/ -->\n<title>L&#039;histoire - Association Suisse d`\u00e9levage de la vache d`Hinterwald<\/title>\n<meta name=\"robots\" content=\"noindex, follow, max-snippet:-1, max-image-preview:large, max-video-preview:-1\" \/>\n<meta property=\"og:locale\" content=\"fr_FR\" \/>\n<meta property=\"og:type\" content=\"article\" \/>\n<meta property=\"og:title\" content=\"L&#039;histoire - Association Suisse d`\u00e9levage de la vache d`Hinterwald\" \/>\n<meta property=\"og:url\" content=\"https:\/\/test.hinterwaeldervieh.ch\/geschichte\/\" \/>\n<meta property=\"og:site_name\" content=\"Association Suisse d`\u00e9levage de la vache d`Hinterwald\" \/>\n<meta property=\"article:modified_time\" content=\"2020-02-22T14:38:22+00:00\" \/>\n<meta property=\"og:image\" content=\"https:\/\/hinterwaeldervieh.ch\/wp-content\/uploads\/2020\/02\/Nr.-67-1.jpg\" \/>\n<meta name=\"twitter:card\" content=\"summary_large_image\" \/>\n<meta name=\"twitter:label1\" content=\"Est. reading time\" \/>\n\t<meta name=\"twitter:data1\" content=\"3 minutes\" \/>\n<script type=\"application\/ld+json\" class=\"yoast-schema-graph\">{\"@context\":\"https:\/\/schema.org\",\"@graph\":[{\"@type\":\"WebPage\",\"@id\":\"https:\/\/test.hinterwaeldervieh.ch\/geschichte\/\",\"url\":\"https:\/\/test.hinterwaeldervieh.ch\/geschichte\/\",\"name\":\"L'histoire - Association Suisse d`\u00e9levage de la vache d`Hinterwald\",\"isPartOf\":{\"@id\":\"https:\/\/test.hinterwaeldervieh.ch\/#website\"},\"datePublished\":\"2019-04-08T17:13:49+00:00\",\"dateModified\":\"2020-02-22T14:38:22+00:00\",\"breadcrumb\":{\"@id\":\"https:\/\/test.hinterwaeldervieh.ch\/geschichte\/#breadcrumb\"},\"inLanguage\":\"fr-FR\",\"potentialAction\":[{\"@type\":\"ReadAction\",\"target\":[\"https:\/\/test.hinterwaeldervieh.ch\/geschichte\/\"]}]},{\"@type\":\"BreadcrumbList\",\"@id\":\"https:\/\/test.hinterwaeldervieh.ch\/geschichte\/#breadcrumb\",\"itemListElement\":[{\"@type\":\"ListItem\",\"position\":1,\"name\":\"Home\",\"item\":\"https:\/\/test.hinterwaeldervieh.ch\/\"},{\"@type\":\"ListItem\",\"position\":2,\"name\":\"Geschichte\"}]},{\"@type\":\"WebSite\",\"@id\":\"https:\/\/test.hinterwaeldervieh.ch\/#website\",\"url\":\"https:\/\/test.hinterwaeldervieh.ch\/\",\"name\":\"Schweizerischer Hinterw\u00e4lder Zuchtverein\",\"description\":\"\",\"publisher\":{\"@id\":\"https:\/\/test.hinterwaeldervieh.ch\/#organization\"},\"potentialAction\":[{\"@type\":\"SearchAction\",\"target\":{\"@type\":\"EntryPoint\",\"urlTemplate\":\"https:\/\/test.hinterwaeldervieh.ch\/?s={search_term_string}\"},\"query-input\":\"required name=search_term_string\"}],\"inLanguage\":\"fr-FR\"},{\"@type\":\"Organization\",\"@id\":\"https:\/\/test.hinterwaeldervieh.ch\/#organization\",\"name\":\"Hinterw\u00e4lder Zuchtverein\",\"url\":\"https:\/\/test.hinterwaeldervieh.ch\/\",\"logo\":{\"@type\":\"ImageObject\",\"inLanguage\":\"fr-FR\",\"@id\":\"https:\/\/test.hinterwaeldervieh.ch\/#\/schema\/logo\/image\/\",\"url\":\"https:\/\/test.hinterwaeldervieh.ch\/wp-content\/uploads\/2019\/10\/LOGO-SHZ.jpg\",\"contentUrl\":\"https:\/\/test.hinterwaeldervieh.ch\/wp-content\/uploads\/2019\/10\/LOGO-SHZ.jpg\",\"width\":1580,\"height\":848,\"caption\":\"Hinterw\u00e4lder Zuchtverein\"},\"image\":{\"@id\":\"https:\/\/test.hinterwaeldervieh.ch\/#\/schema\/logo\/image\/\"}}]}<\/script>\n<!-- \/ Yoast SEO plugin. -->","yoast_head_json":{"title":"L'histoire - Association Suisse d`\u00e9levage de la vache d`Hinterwald","robots":{"index":"noindex","follow":"follow","max-snippet":"max-snippet:-1","max-image-preview":"max-image-preview:large","max-video-preview":"max-video-preview:-1"},"og_locale":"fr_FR","og_type":"article","og_title":"L'histoire - Association Suisse d`\u00e9levage de la vache d`Hinterwald","og_url":"https:\/\/test.hinterwaeldervieh.ch\/geschichte\/","og_site_name":"Association Suisse d`\u00e9levage de la vache d`Hinterwald","article_modified_time":"2020-02-22T14:38:22+00:00","og_image":[{"url":"https:\/\/hinterwaeldervieh.ch\/wp-content\/uploads\/2020\/02\/Nr.-67-1.jpg"}],"twitter_card":"summary_large_image","twitter_misc":{"Est. reading time":"3 minutes"},"schema":{"@context":"https:\/\/schema.org","@graph":[{"@type":"WebPage","@id":"https:\/\/test.hinterwaeldervieh.ch\/geschichte\/","url":"https:\/\/test.hinterwaeldervieh.ch\/geschichte\/","name":"L'histoire - Association Suisse d`\u00e9levage de la vache d`Hinterwald","isPartOf":{"@id":"https:\/\/test.hinterwaeldervieh.ch\/#website"},"datePublished":"2019-04-08T17:13:49+00:00","dateModified":"2020-02-22T14:38:22+00:00","breadcrumb":{"@id":"https:\/\/test.hinterwaeldervieh.ch\/geschichte\/#breadcrumb"},"inLanguage":"fr-FR","potentialAction":[{"@type":"ReadAction","target":["https:\/\/test.hinterwaeldervieh.ch\/geschichte\/"]}]},{"@type":"BreadcrumbList","@id":"https:\/\/test.hinterwaeldervieh.ch\/geschichte\/#breadcrumb","itemListElement":[{"@type":"ListItem","position":1,"name":"Home","item":"https:\/\/test.hinterwaeldervieh.ch\/"},{"@type":"ListItem","position":2,"name":"Geschichte"}]},{"@type":"WebSite","@id":"https:\/\/test.hinterwaeldervieh.ch\/#website","url":"https:\/\/test.hinterwaeldervieh.ch\/","name":"Schweizerischer Hinterw\u00e4lder Zuchtverein","description":"","publisher":{"@id":"https:\/\/test.hinterwaeldervieh.ch\/#organization"},"potentialAction":[{"@type":"SearchAction","target":{"@type":"EntryPoint","urlTemplate":"https:\/\/test.hinterwaeldervieh.ch\/?s={search_term_string}"},"query-input":"required name=search_term_string"}],"inLanguage":"fr-FR"},{"@type":"Organization","@id":"https:\/\/test.hinterwaeldervieh.ch\/#organization","name":"Hinterw\u00e4lder Zuchtverein","url":"https:\/\/test.hinterwaeldervieh.ch\/","logo":{"@type":"ImageObject","inLanguage":"fr-FR","@id":"https:\/\/test.hinterwaeldervieh.ch\/#\/schema\/logo\/image\/","url":"https:\/\/test.hinterwaeldervieh.ch\/wp-content\/uploads\/2019\/10\/LOGO-SHZ.jpg","contentUrl":"https:\/\/test.hinterwaeldervieh.ch\/wp-content\/uploads\/2019\/10\/LOGO-SHZ.jpg","width":1580,"height":848,"caption":"Hinterw\u00e4lder Zuchtverein"},"image":{"@id":"https:\/\/test.hinterwaeldervieh.ch\/#\/schema\/logo\/image\/"}}]}},"_links":{"self":[{"href":"https:\/\/test.hinterwaeldervieh.ch\/fr\/wp-json\/wp\/v2\/pages\/52","targetHints":{"allow":["GET"]}}],"collection":[{"href":"https:\/\/test.hinterwaeldervieh.ch\/fr\/wp-json\/wp\/v2\/pages"}],"about":[{"href":"https:\/\/test.hinterwaeldervieh.ch\/fr\/wp-json\/wp\/v2\/types\/page"}],"author":[{"embeddable":true,"href":"https:\/\/test.hinterwaeldervieh.ch\/fr\/wp-json\/wp\/v2\/users\/1"}],"replies":[{"embeddable":true,"href":"https:\/\/test.hinterwaeldervieh.ch\/fr\/wp-json\/wp\/v2\/comments?post=52"}],"version-history":[{"count":10,"href":"https:\/\/test.hinterwaeldervieh.ch\/fr\/wp-json\/wp\/v2\/pages\/52\/revisions"}],"predecessor-version":[{"id":503,"href":"https:\/\/test.hinterwaeldervieh.ch\/fr\/wp-json\/wp\/v2\/pages\/52\/revisions\/503"}],"wp:attachment":[{"href":"https:\/\/test.hinterwaeldervieh.ch\/fr\/wp-json\/wp\/v2\/media?parent=52"}],"curies":[{"name":"wp","href":"https:\/\/api.w.org\/{rel}","templated":true}]}}