{"id":44,"date":"2019-04-08T17:12:50","date_gmt":"2019-04-08T17:12:50","guid":{"rendered":"https:\/\/wordpress.hinterwaeldervieh.ch\/wordpress\/?page_id=44"},"modified":"2024-09-16T13:35:40","modified_gmt":"2024-09-16T13:35:40","slug":"stierenliste","status":"publish","type":"page","link":"https:\/\/test.hinterwaeldervieh.ch\/fr\/stierenliste\/","title":{"rendered":"Liste des taureaux"},"content":{"rendered":"<h2>Informations sur l\u2019\u00e9levage<\/h2>\n<table style=\"font-family: -webkit-standard; width: 1030px; border-style: none;\" border=\"1\" width=\"100%\" cellspacing=\"0\" cellpadding=\"0\">\n<tbody>\n<tr>\n<td style=\"width: 1015.65625px; border-style: none; padding: 0cm 5.4pt;\" colspan=\"6\" valign=\"top\" width=\"100%\">\n<p style=\"margin: 0cm 0cm 0.0001pt; font-size: 11pt; font-family: Verdana, sans-serif;\">Liste des taureaux de monte naturelle<\/p>\n<p style=\"margin: 0cm 0cm 0.0001pt; font-size: 11pt; font-family: Verdana, sans-serif;\">\n<\/td>\n<\/tr>\n<tr>\n<td style=\"width: 1015.65625px; border-style: none; padding: 0cm 5.4pt;\" colspan=\"6\" valign=\"top\" width=\"100%\">\n<p style=\"margin: 0cm 0cm 0.0001pt; font-size: 11pt; font-family: Verdana, sans-serif;\">Prime aux d\u00e9tenteurs de taureaux pour la promotion de la monte naturelle<\/p>\n<\/td>\n<\/tr>\n<tr>\n<td style=\"width: 1015.65625px; border-style: none; padding: 0cm 5.4pt;\" colspan=\"6\" valign=\"top\" width=\"100%\">\n<p style=\"margin: 0cm 0cm 0.0001pt; font-size: 11pt; font-family: Verdana, sans-serif;\">La monte naturelle est une prestation importante pour les \u00e9leveurs. L\u2019engagement des d\u00e9tenteurs de taureaux est particuli\u00e9rement recommandable pour les races \u00e0 effectif r\u00e9duit.<\/p>\n<p style=\"margin: 0cm 0cm 0.0001pt; font-size: 11pt; font-family: Verdana, sans-serif;\">Les primes suivantes s\u2019adressent aux \u00e9leveurs qui s\u2019engagent \u00e0 d\u00e9tenir un taureau\u00a0:<\/p>\n<p style=\"margin: 0cm 0cm 0.0001pt; font-size: 11pt; font-family: Verdana, sans-serif;\">\n<\/td>\n<\/tr>\n<tr>\n<td style=\"width: 313.34375px; border-style: none; padding: 0cm 5.4pt;\" colspan=\"2\" valign=\"top\" width=\"32%\">\n<p style=\"margin: 0cm 0cm 0.0001pt; font-size: 11pt; font-family: Verdana, sans-serif;\">\n<\/td>\n<td style=\"width: 687.9375px; border-style: none; padding: 0cm 5.4pt;\" colspan=\"4\" valign=\"top\" width=\"67%\">\n<p style=\"margin: 0cm 0cm 0.0001pt; font-size: 11pt; font-family: Verdana, sans-serif;\">\n<\/td>\n<\/tr>\n<tr>\n<td style=\"width: 313.34375px; border-style: none; padding: 0cm 5.4pt;\" colspan=\"2\" valign=\"top\" width=\"32%\">\n<p style=\"margin: 0cm 0cm 0.0001pt; font-size: 11pt; font-family: Verdana, sans-serif;\">A l\u2019achat d\u2019un taureau de lign\u00e9e rare (en gras sur la liste des taureaux)<\/p>\n<\/td>\n<td style=\"width: 687.9375px; border-style: none; padding: 0cm 5.4pt;\" colspan=\"4\" valign=\"top\" width=\"67%\">\n<p style=\"margin: 0cm 0cm 0.0001pt; font-size: 11pt; font-family: Verdana, sans-serif;\">100.-<\/p>\n<\/td>\n<\/tr>\n<tr>\n<td style=\"width: 313.34375px; border-style: none; padding: 0cm 5.4pt;\" colspan=\"2\" valign=\"top\" width=\"32%\">\n<p style=\"margin: 0cm 0cm 0.0001pt; font-size: 11pt; font-family: Verdana, sans-serif;\">Pour l\u2019utilisation priv\u00e9e d\u2019un taureau de lign\u00e9e rare sur l\u2019exploitation d\u2019\u00e9levage m\u00eame<\/p>\n<\/td>\n<td style=\"width: 687.9375px; border-style: none; padding: 0cm 5.4pt;\" colspan=\"4\" valign=\"top\" width=\"67%\">\n<p style=\"margin: 0cm 0cm 0.0001pt; font-size: 11pt; font-family: Verdana, sans-serif;\">100.-<\/p>\n<\/td>\n<\/tr>\n<tr>\n<td style=\"width: 313.34375px; border-style: none; padding: 0cm 5.4pt;\" colspan=\"2\" valign=\"top\" width=\"32%\">\n<p style=\"margin: 0cm 0cm 0.0001pt; font-size: 11pt; font-family: Verdana, sans-serif;\">Pour l\u2019achat d\u2019un taureau de n\u2019importe quelle lign\u00e9e de la liste des taureaux,<\/p>\n<p style=\"margin: 0cm 0cm 0.0001pt; font-size: 11pt; font-family: Verdana, sans-serif;\">destin\u00e9 \u00e0 l\u2019\u00e9levage, forfait annuel de transport du taureau<\/p>\n<\/td>\n<td style=\"width: 687.9375px; border-style: none; padding: 0cm 5.4pt;\" colspan=\"4\" valign=\"top\" width=\"67%\">\n<p style=\"margin: 0cm 0cm 0.0001pt; font-size: 11pt; font-family: Verdana, sans-serif;\">100.-<\/p>\n<\/td>\n<\/tr>\n<tr>\n<td style=\"width: 313.34375px; border-style: none; padding: 0cm 5.4pt;\" colspan=\"2\" valign=\"top\" width=\"32%\">\n<p style=\"margin: 0cm 0cm 0.0001pt; font-size: 11pt; font-family: Verdana, sans-serif;\">Pour les taureaux de lign\u00e9e rare \u00e2g\u00e9s de plus de 3 ans, montant unique<\/p>\n<p style=\"margin: 0cm 0cm 0.0001pt; font-size: 11pt; font-family: Verdana, sans-serif;\">\n<\/td>\n<td style=\"width: 687.9375px; border-style: none; padding: 0cm 5.4pt;\" colspan=\"4\" valign=\"top\" width=\"67%\">\n<p style=\"margin: 0cm 0cm 0.0001pt; font-size: 11pt; font-family: Verdana, sans-serif;\">300.-<\/p>\n<p style=\"margin: 0cm 0cm 0.0001pt; font-size: 11pt; font-family: Verdana, sans-serif;\">\n<\/td>\n<\/tr>\n<tr>\n<td style=\"width: 1015.65625px; border-style: none; padding: 0cm 5.4pt;\" colspan=\"6\" valign=\"top\" width=\"100%\">\n<p style=\"margin: 0cm 0cm 0.0001pt; font-size: 11pt; font-family: Verdana, sans-serif;\">Il nous faut une facture r\u00e9dig\u00e9e avec pr\u00e9cision pour nous permettre de tenir une comptabilit\u00e9 ad\u00e9quate, ainsi que la copie du document d\u2019accompagnement du taureau achet\u00e9.<\/p>\n<p style=\"margin: 0cm 0cm 0.0001pt; font-size: 11pt; font-family: Verdana, sans-serif;\">Annexer \u00e0 la facture une copie du certificat d\u2019ascendance pour les taureaux de plus de3 ans ainsi que pour les taureaux en fonction provenant de son propre \u00e9levage.<\/p>\n<p style=\"margin: 0cm 0cm 0.0001pt; font-size: 11pt; font-family: Verdana, sans-serif;\">La facture doit \u00eatre \u00e9tablie dans l\u2019ann\u00e9e en cours et envoy\u00e9e accompagn\u00e9e d\u2019un bulletin de versement.<\/p>\n<p style=\"margin: 0cm 0cm 0.0001pt; font-size: 11pt; font-family: Verdana, sans-serif;\">\n<\/td>\n<\/tr>\n<tr>\n<td style=\"width: 1015.65625px; border-style: none; padding: 0cm 5.4pt;\" colspan=\"6\" valign=\"top\" width=\"100%\">\n<p style=\"margin: 0cm 0cm 0.0001pt; font-size: 11pt; font-family: Verdana, sans-serif;\">Crit\u00e8res concernant le Certificat d\u2019ascendance et de performance A<\/p>\n<p style=\"margin: 0cm 0cm 0.0001pt; font-size: 11pt; font-family: Verdana, sans-serif;\">Les m\u00e8res des taureaux list\u00e9s ci-dessous sont au b\u00e9n\u00e9fice d\u2019un certificat d\u2019ascendance et de performance\u00a0\u00a0A. Elles r\u00e9pondent donc aux crit\u00e8res suivants, nouveaux \u00e0 partir du mois d\u2019ao\u00fbt 2018\u00a0:<\/p>\n<p style=\"margin: 0cm 0cm 0.0001pt 36pt; font-size: 11pt; font-family: Verdana, sans-serif; text-indent: -18pt;\">&#8211;\u00a0\u00a0\u00a0\u00a0\u00a0\u00a0\u00a0\u00a0\u00a0\u00a0pure race<\/p>\n<p style=\"margin: 0cm 0cm 0.0001pt 36pt; font-size: 11pt; font-family: Verdana, sans-serif; text-indent: -18pt;\">&#8211;\u00a0\u00a0\u00a0\u00a0\u00a0\u00a0\u00a0\u00a0\u00a0\u00a0appr\u00e9ciation des ext\u00e9rieurs valid\u00e9e<\/p>\n<p style=\"margin: 0cm 0cm 0.0001pt 36pt; font-size: 11pt; font-family: Verdana, sans-serif; text-indent: -18pt;\">&#8211;\u00a0\u00a0\u00a0\u00a0\u00a0\u00a0\u00a0\u00a0\u00a0\u00a0\u00e0 la premi\u00e8re lactation aucune note en dessous de 75<\/p>\n<p style=\"margin: 0cm 0cm 0.0001pt 36pt; font-size: 11pt; font-family: Verdana, sans-serif; text-indent: -18pt;\">&#8211;\u00a0\u00a0\u00a0\u00a0\u00a0\u00a0\u00a0\u00a0\u00a0\u00a0\u00e0partir de la 2<sup>i\u00e8me<\/sup>\u00a0lactation aucune note en dessous de 80<\/p>\n<p style=\"margin: 0cm 0cm 0.0001pt 36pt; font-size: 11pt; font-family: Verdana, sans-serif; text-indent: -18pt;\">&#8211;\u00a0\u00a0\u00a0\u00a0\u00a0\u00a0\u00a0\u00a0\u00a0\u00a0hauteur au sacrum\u00a0: \u00e0 la premi\u00e8re lactation pas plus de 123 cm<\/p>\n<p style=\"margin: 0cm 0cm 0.0001pt 36pt; font-size: 11pt; font-family: Verdana, sans-serif; text-indent: -18pt;\">&#8211;\u00a0\u00a0\u00a0\u00a0\u00a0\u00a0\u00a0\u00a0\u00a0\u00a0\u00e0 partir de la 2<sup>i\u00e8me<\/sup>\u00a0lactation pas plus de 126 cm<\/p>\n<p style=\"margin: 0cm 0cm 0.0001pt 36pt; font-size: 11pt; font-family: Verdana, sans-serif; text-indent: -18pt;\">&#8211;\u00a0\u00a0\u00a0\u00a0\u00a0\u00a0\u00a0\u00a0\u00a0\u00a0pas de trayon oppos\u00e9 (chiffre 1) ni de n\u0153ud (chiffre 2) ni de trayon suppl\u00e9mentaire actif (chiffre 3) ni de cicatrice glandulaire (chiffre 5)<\/p>\n<p style=\"margin: 0cm 0cm 0.0001pt 36pt; font-size: 11pt; font-family: Verdana, sans-serif; text-indent: -18pt;\">&#8211;\u00a0\u00a0\u00a0\u00a0\u00a0\u00a0\u00a0\u00a0\u00a0\u00a0pas plaques noires sur la robe sont relev\u00e9es dans le registre<\/p>\n<\/td>\n<\/tr>\n<tr>\n<td style=\"width: 1015.65625px; border-style: none; padding: 0cm 5.4pt;\" colspan=\"6\" valign=\"top\" width=\"100%\">\n<p style=\"margin: 0cm 0cm 0.0001pt; font-size: 11pt; font-family: Verdana, sans-serif;\">\n<\/td>\n<\/tr>\n<tr>\n<td style=\"width: 1015.65625px; border-style: none; padding: 0cm 5.4pt;\" colspan=\"6\" valign=\"top\" width=\"100%\">\n<p style=\"margin: 0cm 0cm 0.0001pt; font-size: 11pt; font-family: Verdana, sans-serif;\">\n<\/td>\n<\/tr>\n<tr>\n<td style=\"width: 1015.65625px; border-style: none; padding: 0cm 5.4pt;\" colspan=\"6\" valign=\"top\" width=\"100%\">\n<p style=\"margin: 0cm 0cm 0.0001pt; font-size: 11pt; font-family: Verdana, sans-serif;\">Vous trouvez la liste actuelle en cliquant sur le lien <a href=\"https:\/\/test.hinterwaeldervieh.ch\/wp-content\/uploads\/2023\/02\/HW_Stierenliste_20230110-INFO-2.xls\">HW_Stierenliste_20230110 INFO-2<\/a><\/p>\n<p style=\"margin: 0cm 0cm 0.0001pt; font-size: 11pt; font-family: Verdana, sans-serif;\">Vous trouvez la liste actuelle en cliquant sur le lien <a href=\"https:\/\/test.hinterwaeldervieh.ch\/wp-content\/uploads\/2024\/09\/Aktuelle-KB-Stiere.docx\">Aktuelle KB Stiere<\/a><\/p>\n<p style=\"margin: 0cm 0cm 0.0001pt; font-size: 11pt; font-family: Verdana, sans-serif;\"><a href=\"https:\/\/swissgenetics.ch\/fr\/race\/pfinder\/ch_fr\/ch_fr\/mask\/Swissgenetics\/Genetik\/Kleinrassen.html\">Swissgenetics site de web<\/a><\/p>\n<\/td>\n<\/tr>\n<\/tbody>\n<\/table>\n<figure class=\"gallery-item\"><div id='gallery-1' class='gallery galleryid-44 gallery-columns-3 gallery-size-thumbnail'><figure class='gallery-item'>\n\t\t\t<div class='gallery-icon landscape'>\n\t\t\t\t<a href='https:\/\/test.hinterwaeldervieh.ch\/fr\/stierenliste\/sg0105736_elmar_ch_120_1658_6405_6_leo\/'><img loading=\"lazy\" decoding=\"async\" width=\"150\" height=\"150\" src=\"https:\/\/test.hinterwaeldervieh.ch\/wp-content\/uploads\/2024\/09\/SG0105736_ELMAR_CH_120_1658_6405_6_LEO-150x150.jpg\" class=\"attachment-thumbnail size-thumbnail\" alt=\"\" aria-describedby=\"gallery-1-1510\" srcset=\"https:\/\/test.hinterwaeldervieh.ch\/wp-content\/uploads\/2024\/09\/SG0105736_ELMAR_CH_120_1658_6405_6_LEO-150x150.jpg 150w, https:\/\/test.hinterwaeldervieh.ch\/wp-content\/uploads\/2024\/09\/SG0105736_ELMAR_CH_120_1658_6405_6_LEO-600x600.jpg 600w\" sizes=\"auto, (max-width: 150px) 100vw, 150px\" \/><\/a>\n\t\t\t<\/div>\n\t\t\t\t<figcaption class='wp-caption-text gallery-caption' id='gallery-1-1510'>\n\t\t\t\tElmar\n\t\t\t\t<\/figcaption><\/figure><figure class='gallery-item'>\n\t\t\t<div class='gallery-icon landscape'>\n\t\t\t\t<a href='https:\/\/test.hinterwaeldervieh.ch\/fr\/stierenliste\/sg0102350_bambo_ch_120_1571_7872_7_baron\/'><img loading=\"lazy\" decoding=\"async\" width=\"150\" height=\"150\" src=\"https:\/\/test.hinterwaeldervieh.ch\/wp-content\/uploads\/2024\/09\/SG0102350_BAMBO_CH_120_1571_7872_7_BARON-150x150.jpg\" class=\"attachment-thumbnail size-thumbnail\" alt=\"\" aria-describedby=\"gallery-1-1509\" srcset=\"https:\/\/test.hinterwaeldervieh.ch\/wp-content\/uploads\/2024\/09\/SG0102350_BAMBO_CH_120_1571_7872_7_BARON-150x150.jpg 150w, https:\/\/test.hinterwaeldervieh.ch\/wp-content\/uploads\/2024\/09\/SG0102350_BAMBO_CH_120_1571_7872_7_BARON-600x600.jpg 600w\" sizes=\"auto, (max-width: 150px) 100vw, 150px\" \/><\/a>\n\t\t\t<\/div>\n\t\t\t\t<figcaption class='wp-caption-text gallery-caption' id='gallery-1-1509'>\n\t\t\t\tBambo\n\t\t\t\t<\/figcaption><\/figure><figure class='gallery-item'>\n\t\t\t<div class='gallery-icon landscape'>\n\t\t\t\t<a href='https:\/\/test.hinterwaeldervieh.ch\/fr\/felix\/'><img loading=\"lazy\" decoding=\"async\" width=\"150\" height=\"150\" src=\"https:\/\/test.hinterwaeldervieh.ch\/wp-content\/uploads\/2021\/06\/derrick-150x150.jpg\" class=\"attachment-thumbnail size-thumbnail\" alt=\"\" aria-describedby=\"gallery-1-1019\" \/><\/a>\n\t\t\t<\/div>\n\t\t\t\t<figcaption class='wp-caption-text gallery-caption' id='gallery-1-1019'>\n\t\t\t\tFelix\n\t\t\t\t<\/figcaption><\/figure><figure class='gallery-item'>\n\t\t\t<div class='gallery-icon landscape'>\n\t\t\t\t<a href='https:\/\/test.hinterwaeldervieh.ch\/fr\/stierenliste\/norman_bild\/'><img loading=\"lazy\" decoding=\"async\" width=\"150\" height=\"150\" src=\"https:\/\/test.hinterwaeldervieh.ch\/wp-content\/uploads\/2020\/05\/norman_bild-150x150.png\" class=\"attachment-thumbnail size-thumbnail\" alt=\"\" aria-describedby=\"gallery-1-726\" \/><\/a>\n\t\t\t<\/div>\n\t\t\t\t<figcaption class='wp-caption-text gallery-caption' id='gallery-1-726'>\n\t\t\t\tNormen\n\t\t\t\t<\/figcaption><\/figure><figure class='gallery-item'>\n\t\t\t<div class='gallery-icon landscape'>\n\t\t\t\t<a href='https:\/\/test.hinterwaeldervieh.ch\/fr\/43222-malak-120-0801-7075-1-adrian-swissgenetics-zollikofen\/'><img loading=\"lazy\" decoding=\"async\" width=\"150\" height=\"150\" src=\"https:\/\/test.hinterwaeldervieh.ch\/wp-content\/uploads\/2020\/05\/43222-Malak-120.0801.7075.1-Adrian-Swissgenetics-Zollikofen-150x150.jpg\" class=\"attachment-thumbnail size-thumbnail\" alt=\"\" aria-describedby=\"gallery-1-724\" \/><\/a>\n\t\t\t<\/div>\n\t\t\t\t<figcaption class='wp-caption-text gallery-caption' id='gallery-1-724'>\n\t\t\t\tMalak\n\t\t\t\t<\/figcaption><\/figure><figure class='gallery-item'>\n\t\t\t<div class='gallery-icon landscape'>\n\t\t\t\t<a href='https:\/\/test.hinterwaeldervieh.ch\/fr\/trentino__jpeg\/'><img loading=\"lazy\" decoding=\"async\" width=\"150\" height=\"150\" src=\"https:\/\/test.hinterwaeldervieh.ch\/wp-content\/uploads\/2020\/05\/trentino__jpeg-150x150.jpg\" class=\"attachment-thumbnail size-thumbnail\" alt=\"\" aria-describedby=\"gallery-1-723\" \/><\/a>\n\t\t\t<\/div>\n\t\t\t\t<figcaption class='wp-caption-text gallery-caption' id='gallery-1-723'>\n\t\t\t\tTrentino\n\t\t\t\t<\/figcaption><\/figure><figure class='gallery-item'>\n\t\t\t<div class='gallery-icon landscape'>\n\t\t\t\t<a href='https:\/\/test.hinterwaeldervieh.ch\/fr\/humbel-2\/'><img loading=\"lazy\" decoding=\"async\" width=\"150\" height=\"150\" src=\"https:\/\/test.hinterwaeldervieh.ch\/wp-content\/uploads\/2020\/05\/Humbel-1-150x150.jpg\" class=\"attachment-thumbnail size-thumbnail\" alt=\"\" aria-describedby=\"gallery-1-721\" \/><\/a>\n\t\t\t<\/div>\n\t\t\t\t<figcaption class='wp-caption-text gallery-caption' id='gallery-1-721'>\n\t\t\t\tHumbel\n\t\t\t\t<\/figcaption><\/figure><figure class='gallery-item'>\n\t\t\t<div class='gallery-icon landscape'>\n\t\t\t\t<a href='https:\/\/test.hinterwaeldervieh.ch\/fr\/65917-nathan-120-1284-3927-7-ritter-swissgenetics-zollikofen__original\/'><img loading=\"lazy\" decoding=\"async\" width=\"150\" height=\"150\" src=\"https:\/\/test.hinterwaeldervieh.ch\/wp-content\/uploads\/2020\/05\/65917-Nathan-120.1284.3927.7-Ritter-swissgenetics-Zollikofen__Original-150x150.jpg\" class=\"attachment-thumbnail size-thumbnail\" alt=\"\" aria-describedby=\"gallery-1-720\" \/><\/a>\n\t\t\t<\/div>\n\t\t\t\t<figcaption class='wp-caption-text gallery-caption' id='gallery-1-720'>\n\t\t\t\tNathan\n\t\t\t\t<\/figcaption><\/figure>\n\t\t<\/div>\n<\/figure>\n","protected":false},"excerpt":{"rendered":"<p>Informations sur l\u2019\u00e9levage Liste des taureaux de monte naturelle Prime aux d\u00e9tenteurs de taureaux pour la promotion de la monte naturelle La monte naturelle est une prestation importante pour les \u00e9leveurs. L\u2019engagement des d\u00e9tenteurs de taureaux est particuli\u00e9rement recommandable pour les races \u00e0 effectif r\u00e9duit. Les primes suivantes s\u2019adressent aux \u00e9leveurs qui s\u2019engagent \u00e0 d\u00e9tenir [&hellip;]<\/p>\n","protected":false},"author":1,"featured_media":0,"parent":0,"menu_order":0,"comment_status":"closed","ping_status":"closed","template":"","meta":{"footnotes":""},"class_list":["post-44","page","type-page","status-publish","hentry","entry"],"translation":{"provider":"WPGlobus","version":"2.12.2","language":"fr","enabled_languages":["de","fr"],"languages":{"de":{"title":true,"content":true,"excerpt":false},"fr":{"title":true,"content":true,"excerpt":false}}},"yoast_head":"<!-- This site is optimized with the Yoast SEO plugin v21.6 - https:\/\/yoast.com\/wordpress\/plugins\/seo\/ -->\n<title>Liste des taureaux - Association Suisse d`\u00e9levage de la vache d`Hinterwald<\/title>\n<meta name=\"robots\" content=\"noindex, follow, max-snippet:-1, max-image-preview:large, max-video-preview:-1\" \/>\n<meta property=\"og:locale\" content=\"fr_FR\" \/>\n<meta property=\"og:type\" content=\"article\" \/>\n<meta property=\"og:title\" content=\"Liste des taureaux - Association Suisse d`\u00e9levage de la vache d`Hinterwald\" \/>\n<meta property=\"og:url\" content=\"https:\/\/test.hinterwaeldervieh.ch\/stierenliste\/\" \/>\n<meta property=\"og:site_name\" content=\"Association Suisse d`\u00e9levage de la vache d`Hinterwald\" \/>\n<meta property=\"article:modified_time\" content=\"2024-09-16T13:35:40+00:00\" \/>\n<meta property=\"og:image\" content=\"https:\/\/test.hinterwaeldervieh.ch\/wp-content\/uploads\/2024\/09\/SG0105736_ELMAR_CH_120_1658_6405_6_LEO-150x150.jpg\" \/>\n<meta name=\"twitter:card\" content=\"summary_large_image\" \/>\n<meta name=\"twitter:label1\" content=\"Est. reading time\" \/>\n\t<meta name=\"twitter:data1\" content=\"2 minutes\" \/>\n<script type=\"application\/ld+json\" class=\"yoast-schema-graph\">{\"@context\":\"https:\/\/schema.org\",\"@graph\":[{\"@type\":\"WebPage\",\"@id\":\"https:\/\/test.hinterwaeldervieh.ch\/stierenliste\/\",\"url\":\"https:\/\/test.hinterwaeldervieh.ch\/stierenliste\/\",\"name\":\"Liste des taureaux - Association Suisse d`\u00e9levage de la vache d`Hinterwald\",\"isPartOf\":{\"@id\":\"https:\/\/test.hinterwaeldervieh.ch\/#website\"},\"datePublished\":\"2019-04-08T17:12:50+00:00\",\"dateModified\":\"2024-09-16T13:35:40+00:00\",\"breadcrumb\":{\"@id\":\"https:\/\/test.hinterwaeldervieh.ch\/stierenliste\/#breadcrumb\"},\"inLanguage\":\"fr-FR\",\"potentialAction\":[{\"@type\":\"ReadAction\",\"target\":[\"https:\/\/test.hinterwaeldervieh.ch\/stierenliste\/\"]}]},{\"@type\":\"BreadcrumbList\",\"@id\":\"https:\/\/test.hinterwaeldervieh.ch\/stierenliste\/#breadcrumb\",\"itemListElement\":[{\"@type\":\"ListItem\",\"position\":1,\"name\":\"Home\",\"item\":\"https:\/\/test.hinterwaeldervieh.ch\/\"},{\"@type\":\"ListItem\",\"position\":2,\"name\":\"Stierenliste\"}]},{\"@type\":\"WebSite\",\"@id\":\"https:\/\/test.hinterwaeldervieh.ch\/#website\",\"url\":\"https:\/\/test.hinterwaeldervieh.ch\/\",\"name\":\"Schweizerischer Hinterw\u00e4lder Zuchtverein\",\"description\":\"\",\"publisher\":{\"@id\":\"https:\/\/test.hinterwaeldervieh.ch\/#organization\"},\"potentialAction\":[{\"@type\":\"SearchAction\",\"target\":{\"@type\":\"EntryPoint\",\"urlTemplate\":\"https:\/\/test.hinterwaeldervieh.ch\/?s={search_term_string}\"},\"query-input\":\"required name=search_term_string\"}],\"inLanguage\":\"fr-FR\"},{\"@type\":\"Organization\",\"@id\":\"https:\/\/test.hinterwaeldervieh.ch\/#organization\",\"name\":\"Hinterw\u00e4lder Zuchtverein\",\"url\":\"https:\/\/test.hinterwaeldervieh.ch\/\",\"logo\":{\"@type\":\"ImageObject\",\"inLanguage\":\"fr-FR\",\"@id\":\"https:\/\/test.hinterwaeldervieh.ch\/#\/schema\/logo\/image\/\",\"url\":\"https:\/\/test.hinterwaeldervieh.ch\/wp-content\/uploads\/2019\/10\/LOGO-SHZ.jpg\",\"contentUrl\":\"https:\/\/test.hinterwaeldervieh.ch\/wp-content\/uploads\/2019\/10\/LOGO-SHZ.jpg\",\"width\":1580,\"height\":848,\"caption\":\"Hinterw\u00e4lder Zuchtverein\"},\"image\":{\"@id\":\"https:\/\/test.hinterwaeldervieh.ch\/#\/schema\/logo\/image\/\"}}]}<\/script>\n<!-- \/ Yoast SEO plugin. -->","yoast_head_json":{"title":"Liste des taureaux - Association Suisse d`\u00e9levage de la vache d`Hinterwald","robots":{"index":"noindex","follow":"follow","max-snippet":"max-snippet:-1","max-image-preview":"max-image-preview:large","max-video-preview":"max-video-preview:-1"},"og_locale":"fr_FR","og_type":"article","og_title":"Liste des taureaux - Association Suisse d`\u00e9levage de la vache d`Hinterwald","og_url":"https:\/\/test.hinterwaeldervieh.ch\/stierenliste\/","og_site_name":"Association Suisse d`\u00e9levage de la vache d`Hinterwald","article_modified_time":"2024-09-16T13:35:40+00:00","og_image":[{"url":"https:\/\/test.hinterwaeldervieh.ch\/wp-content\/uploads\/2024\/09\/SG0105736_ELMAR_CH_120_1658_6405_6_LEO-150x150.jpg"}],"twitter_card":"summary_large_image","twitter_misc":{"Est. reading time":"2 minutes"},"schema":{"@context":"https:\/\/schema.org","@graph":[{"@type":"WebPage","@id":"https:\/\/test.hinterwaeldervieh.ch\/stierenliste\/","url":"https:\/\/test.hinterwaeldervieh.ch\/stierenliste\/","name":"Liste des taureaux - Association Suisse d`\u00e9levage de la vache d`Hinterwald","isPartOf":{"@id":"https:\/\/test.hinterwaeldervieh.ch\/#website"},"datePublished":"2019-04-08T17:12:50+00:00","dateModified":"2024-09-16T13:35:40+00:00","breadcrumb":{"@id":"https:\/\/test.hinterwaeldervieh.ch\/stierenliste\/#breadcrumb"},"inLanguage":"fr-FR","potentialAction":[{"@type":"ReadAction","target":["https:\/\/test.hinterwaeldervieh.ch\/stierenliste\/"]}]},{"@type":"BreadcrumbList","@id":"https:\/\/test.hinterwaeldervieh.ch\/stierenliste\/#breadcrumb","itemListElement":[{"@type":"ListItem","position":1,"name":"Home","item":"https:\/\/test.hinterwaeldervieh.ch\/"},{"@type":"ListItem","position":2,"name":"Stierenliste"}]},{"@type":"WebSite","@id":"https:\/\/test.hinterwaeldervieh.ch\/#website","url":"https:\/\/test.hinterwaeldervieh.ch\/","name":"Schweizerischer Hinterw\u00e4lder Zuchtverein","description":"","publisher":{"@id":"https:\/\/test.hinterwaeldervieh.ch\/#organization"},"potentialAction":[{"@type":"SearchAction","target":{"@type":"EntryPoint","urlTemplate":"https:\/\/test.hinterwaeldervieh.ch\/?s={search_term_string}"},"query-input":"required name=search_term_string"}],"inLanguage":"fr-FR"},{"@type":"Organization","@id":"https:\/\/test.hinterwaeldervieh.ch\/#organization","name":"Hinterw\u00e4lder Zuchtverein","url":"https:\/\/test.hinterwaeldervieh.ch\/","logo":{"@type":"ImageObject","inLanguage":"fr-FR","@id":"https:\/\/test.hinterwaeldervieh.ch\/#\/schema\/logo\/image\/","url":"https:\/\/test.hinterwaeldervieh.ch\/wp-content\/uploads\/2019\/10\/LOGO-SHZ.jpg","contentUrl":"https:\/\/test.hinterwaeldervieh.ch\/wp-content\/uploads\/2019\/10\/LOGO-SHZ.jpg","width":1580,"height":848,"caption":"Hinterw\u00e4lder Zuchtverein"},"image":{"@id":"https:\/\/test.hinterwaeldervieh.ch\/#\/schema\/logo\/image\/"}}]}},"_links":{"self":[{"href":"https:\/\/test.hinterwaeldervieh.ch\/fr\/wp-json\/wp\/v2\/pages\/44","targetHints":{"allow":["GET"]}}],"collection":[{"href":"https:\/\/test.hinterwaeldervieh.ch\/fr\/wp-json\/wp\/v2\/pages"}],"about":[{"href":"https:\/\/test.hinterwaeldervieh.ch\/fr\/wp-json\/wp\/v2\/types\/page"}],"author":[{"embeddable":true,"href":"https:\/\/test.hinterwaeldervieh.ch\/fr\/wp-json\/wp\/v2\/users\/1"}],"replies":[{"embeddable":true,"href":"https:\/\/test.hinterwaeldervieh.ch\/fr\/wp-json\/wp\/v2\/comments?post=44"}],"version-history":[{"count":97,"href":"https:\/\/test.hinterwaeldervieh.ch\/fr\/wp-json\/wp\/v2\/pages\/44\/revisions"}],"predecessor-version":[{"id":1518,"href":"https:\/\/test.hinterwaeldervieh.ch\/fr\/wp-json\/wp\/v2\/pages\/44\/revisions\/1518"}],"wp:attachment":[{"href":"https:\/\/test.hinterwaeldervieh.ch\/fr\/wp-json\/wp\/v2\/media?parent=44"}],"curies":[{"name":"wp","href":"https:\/\/api.w.org\/{rel}","templated":true}]}}