{"id":42,"date":"2019-04-08T17:12:34","date_gmt":"2019-04-08T17:12:34","guid":{"rendered":"https:\/\/wordpress.hinterwaeldervieh.ch\/wordpress\/?page_id=42"},"modified":"2026-01-29T13:44:03","modified_gmt":"2026-01-29T13:44:03","slug":"zuechterisches","status":"publish","type":"page","link":"https:\/\/test.hinterwaeldervieh.ch\/fr\/zuechterisches\/","title":{"rendered":"Informations sur l\u2019\u00e9levage"},"content":{"rendered":"<table style=\"font-family: -webkit-standard; width: 1030px; border-style: none;\" border=\"1\" width=\"100%\" cellspacing=\"0\" cellpadding=\"0\">\n<tbody>\n<tr>\n<td style=\"width: 327.953125px; border-style: none; padding: 0cm 5.4pt;\" colspan=\"2\" valign=\"top\" width=\"34%\">\n<p style=\"margin: 0cm 0cm 0.0001pt; font-size: 11pt; font-family: Verdana, sans-serif;\">\n<\/td>\n<td style=\"width: 451.859375px; border-style: none; padding: 0cm 5.4pt;\" colspan=\"3\" valign=\"top\" width=\"41%\">\n<p style=\"margin: 0cm 0cm 0.0001pt; font-size: 11pt; font-family: Verdana, sans-serif;\">\n<\/td>\n<td style=\"width: 207.09375px; border-style: none; padding: 0cm 5.4pt;\" valign=\"top\" width=\"23%\">\n<p style=\"margin: 0cm 0cm 0.0001pt; font-size: 11pt; font-family: Verdana, sans-serif;\">\n<\/td>\n<\/tr>\n<tr>\n<td style=\"width: 327.953125px; border-style: none; padding: 0cm 5.4pt;\" colspan=\"2\" valign=\"top\" width=\"34%\">\n<p style=\"margin: 0cm 0cm 0.0001pt; font-size: 11pt; font-family: Verdana, sans-serif;\"><b>Informations sur l\u2019\u00e9levage<\/b><\/p>\n<\/td>\n<\/tr>\n<\/tbody>\n<\/table>\n<table style=\"font-family: -webkit-standard; width: 1030px; border-style: none;\" border=\"1\" width=\"100%\" cellspacing=\"0\" cellpadding=\"0\">\n<tbody>\n<tr>\n<td style=\"width: 1015.65625px; border-top-style: none; border-right-style: none; border-left-style: none; border-bottom-width: 1pt; border-bottom-color: green; padding: 0cm 5.4pt;\" colspan=\"6\" valign=\"top\" width=\"100%\">\n<p style=\"margin: 0cm 0cm 0.0001pt; font-size: 11pt; font-family: Verdana, sans-serif;\">Description de la race<\/p>\n<p style=\"margin: 0cm 0cm 0.0001pt; font-size: 11pt; font-family: Verdana, sans-serif;\"><img loading=\"lazy\" decoding=\"async\" style=\"font-family: inherit; font-size: inherit;\" src=\"https:\/\/www.wordpress.hinterwaeldervieh.ch\/wordpress\/wp-content\/uploads\/2020\/02\/Hinterw\u00e4lder_Schau_3.5.2008_BEA_39a-300x271.jpg\" alt=\"\" width=\"300\" height=\"271\" \/>C\u2019est une vache l\u00e9g\u00e8re, tachet\u00e9e rouge\/brun, plut\u00f4t petite, entre 112 et 122 cm de hauteur au garrot.<\/p>\n<p style=\"margin: 0cm 0cm 0.0001pt; font-size: 11pt; font-family: Verdana, sans-serif;\">Elle est vive et intelligente!<\/p>\n<p style=\"margin: 0cm 0cm 0.0001pt; font-size: 11pt; font-family: Verdana, sans-serif;\">Elle se pr\u00eate \u00e0 la d\u00e9tention comme vache \u00e0 traire et comme vache allaitante.<\/p>\n<p style=\"margin: 0cm 0cm 0.0001pt; font-size: 11pt; font-family: Verdana, sans-serif;\">Son exellente capacit\u00e9 de mise en valeur du fourrage grossier permet \u00e0 l&#8217;animal de se nourrir d\u2019herbages maigres.<\/p>\n<p style=\"margin: 0cm 0cm 0.0001pt; font-size: 11pt; font-family: Verdana, sans-serif;\">Sa viande savoureuse et de texture fine interpelle les gourmets.<\/p>\n<p style=\"margin: 0cm 0cm 0.0001pt; font-size: 11pt; font-family: Verdana, sans-serif;\">Avec la vache d\u2019Hinterwald, vous d\u00e9tenez un animal:<\/p>\n<ol style=\"margin-bottom: 0cm; margin-top: 0cm;\" start=\"1\" type=\"1\">\n<li style=\"margin: 0cm 0cm 0.0001pt; font-size: 11pt; font-family: Verdana, sans-serif;\">de bonne long\u00e9vit\u00e9<\/li>\n<li style=\"margin: 0cm 0cm 0.0001pt; font-size: 11pt; font-family: Verdana, sans-serif;\">robuste<\/li>\n<li style=\"margin: 0cm 0cm 0.0001pt; font-size: 11pt; font-family: Verdana, sans-serif;\">fertile,<\/li>\n<\/ol>\n<p style=\"margin: 0cm 0cm 0.0001pt; font-size: 11pt; font-family: Verdana, sans-serif;\">qui se distingue aussi par son bon rapport entre viande et carcasse, et par sa performance laiti\u00e8re i nt\u00e9ressante.<\/p>\n<p style=\"margin: 0cm 0cm 0.0001pt; font-size: 11pt; font-family: Verdana, sans-serif;\">\n<\/td>\n<\/tr>\n<tr>\n<td style=\"width: 1015.65625px; border-style: none; padding: 0cm 5.4pt;\" colspan=\"6\" valign=\"top\" width=\"100%\">\n<p style=\"margin: 0cm 0cm 0.0001pt; font-size: 11pt; font-family: Verdana, sans-serif;\">\n<\/td>\n<\/tr>\n<tr>\n<td style=\"width: 1015.65625px; border-style: none; padding: 0cm 5.4pt;\" colspan=\"6\" valign=\"top\" width=\"100%\">\n<p style=\"margin: 0cm -0.75pt 0.75pt 1.7pt; font-size: 11pt; font-family: Verdana, sans-serif; text-indent: -0.5pt;\">But de s\u00e9lection du b\u00e9tail Hinterwald<\/p>\n<p style=\"margin: 0cm 0.7pt 0.7pt 1.7pt; font-size: 11pt; font-family: Verdana, sans-serif; text-indent: -0.5pt; line-height: 13.933333396911621px;\">(d\u00e9fini par le comit\u00e9 de l\u2019Association suisse des \u00e9leveurs de la vache d\u2019Hinterwald le 01.12.2011)<\/p>\n<p style=\"margin: 0cm 6.1pt 0.7pt 1.7pt; font-size: 11pt; font-family: Verdana, sans-serif; text-indent: -0.5pt; line-height: 13.933333396911621px;\">Le b\u00e9tail Hinterwald, d\u2019un petit gabarit, est \u00e0 sauvegarder en Suisse par une progression de l\u2019\u00e9levage en conformit\u00e9 avec le but de s\u00e9lection. Le b\u00e9tail est solide sur ses appuis dans les pentes escarp\u00e9es, il est robuste et les v\u00ealages sont simples. La performance laiti\u00e8re et le taux de croissance sont remarquables en regard du poids corporel. La viande se caract\u00e9rise par ses fibres tr\u00e8s fines.<\/p>\n<p style=\"margin: 0cm 0.7pt 0.7pt 1.7pt; font-size: 11pt; font-family: Verdana, sans-serif; text-indent: -0.5pt; line-height: 13.933333396911621px;\">Les caract\u00e9ristiques de la race qui doivent \u00eatre conserv\u00e9es et am\u00e9lior\u00e9es sont les suivantes :<\/p>\n<p style=\"margin: 0cm -0.75pt 0.75pt 1.7pt; font-size: 11pt; font-family: Verdana, sans-serif; text-indent: -0.5pt;\">Type, constitution<\/p>\n<p style=\"margin: 0cm 0.7pt 0.7pt 8.8pt; font-size: 11pt; font-family: Verdana, sans-serif; text-indent: -6.85pt; line-height: 13.933333396911621px;\">&#8211;\u00a0\u00a0race de petit gabarit, hauteur au garrot de 116 cm en moyenne, respectivement de 119 cm au sacrum<\/p>\n<p style=\"margin: 0cm 0.7pt 0.7pt 8.8pt; font-size: 11pt; font-family: Verdana, sans-serif; text-indent: -6.85pt; line-height: 13.933333396911621px;\">&#8211;\u00a0\u00a0t\u00eate expressive avec de grands yeux et des cornes en forme de lyre<\/p>\n<p style=\"margin: 0cm 0.7pt 0.7pt 8.8pt; font-size: 11pt; font-family: Verdana, sans-serif; line-height: 13.933333396911621px;\">base du cou finement structur\u00e9e et profonde<\/p>\n<p style=\"margin: 0cm 0.7pt 0.7pt 8.8pt; font-size: 11pt; font-family: Verdana, sans-serif; text-indent: -6.85pt; line-height: 13.933333396911621px;\">&#8211;\u00a0\u00a0croupe allong\u00e9e avec bassin l\u00e9g\u00e8rement aplati et attache de la queue relev\u00e9e<\/p>\n<p style=\"margin: 0cm 0.7pt 0.7pt 8.8pt; font-size: 11pt; font-family: Verdana, sans-serif; text-indent: -6.85pt; line-height: 13.933333396911621px;\">&#8211;\u00a0\u00a0membres robustes (jarrets lisses, sabots rigides)<\/p>\n<p style=\"margin: 0cm 0.7pt 0.7pt 8.8pt; font-size: 11pt; font-family: Verdana, sans-serif; text-indent: -6.85pt; line-height: 13.933333396911621px;\">&#8211;\u00a0\u00a0musculature\u00a0homog\u00e8ne<\/p>\n<p style=\"margin: 0cm 0.7pt 0.7pt 8.8pt; font-size: 11pt; font-family: Verdana, sans-serif; text-indent: -6.85pt; line-height: 13.933333396911621px;\">&#8211;\u00a0\u00a0pis moyen et glanduleux, bien attach\u00e9<\/p>\n<p style=\"margin: 0cm 0.7pt 0.7pt 8.8pt; font-size: 11pt; font-family: Verdana, sans-serif; text-indent: -6.85pt; line-height: 13.933333396911621px;\">&#8211;\u00a0\u00a0trayons adapt\u00e9s \u00e0 la traite \u00e0 la machine et \u00e0 la main.<\/p>\n<p style=\"margin: 0cm -0.75pt 0.75pt 1.7pt; font-size: 11pt; font-family: Verdana, sans-serif; text-indent: -0.5pt;\">Productivit\u00e9 laiti\u00e8re<\/p>\n<p style=\"margin: 0cm 0.7pt 0.7pt 8.8pt; font-size: 11pt; font-family: Verdana, sans-serif; text-indent: -6.85pt; line-height: 13.933333396911621px;\">&#8211;\u00a0\u00a0l\u2019objectif est une production minimale de 3200 kg de lait, avec une bonne persistance<\/p>\n<p style=\"margin: 0cm 0.7pt 0.7pt 8.8pt; font-size: 11pt; font-family: Verdana, sans-serif; text-indent: -6.85pt; line-height: 13.933333396911621px;\">&#8211;\u00a0\u00a0les taureaux reproducteurs descendent des vaches soumises aux \u00e9preuves de\u00a0\u00a0\u00a0\u00a0productivit\u00e9 laiti\u00e8re et de performance de vie<\/p>\n<p style=\"margin: 0cm 0.7pt 0.7pt 8.8pt; font-size: 11pt; font-family: Verdana, sans-serif; text-indent: -6.85pt; line-height: 13.933333396911621px;\">&#8211;\u00a0\u00a0les m\u00e8res des taureaux affichent la note minimale de 75 dans chaque case de la DLC<\/p>\n<p style=\"margin: 0cm 0.7pt 0.7pt 8.8pt; font-size: 11pt; font-family: Verdana, sans-serif; text-indent: -6.85pt; line-height: 13.933333396911621px;\">&#8211;\u00a0\u00a0\u00a0bonne aptitude \u00e0 la traite.<\/p>\n<p style=\"margin: 0cm -0.75pt 0.75pt 1.7pt; font-size: 11pt; font-family: Verdana, sans-serif; text-indent: -0.5pt;\">Capacit\u00e9 d\u2019adaptation \u00e0 la montagne, caract\u00e8re, constitution<\/p>\n<p style=\"margin: 0cm 0.7pt 0.7pt 8.8pt; font-size: 11pt; font-family: Verdana, sans-serif; text-indent: -6.85pt; line-height: 13.933333396911621px;\">&#8211;\u00a0\u00a0d\u00e9marche vive et assur\u00e9e dans tous les terrains<\/p>\n<p style=\"margin: 0cm 0.7pt 0.7pt 8.8pt; font-size: 11pt; font-family: Verdana, sans-serif; text-indent: -6.85pt; line-height: 13.933333396911621px;\">&#8211;\u00a0\u00a0robustesse et\u00a0long\u00e9vit\u00e9<\/p>\n<p style=\"margin: 0cm 0.7pt 0.7pt 8.8pt; font-size: 11pt; font-family: Verdana, sans-serif; text-indent: -6.85pt; line-height: 13.933333396911621px;\">&#8211;\u00a0\u00a0les m\u00e8res des taureaux doivent d\u00e9montrer une bonne long\u00e9vit\u00e9 et une bonne sant\u00e9, un temp\u00e9rament vif et docile. Elles favorisent l\u2019entretien des p\u00e2turages et proviennent essentiellement d\u2019une r\u00e9gion de montagne<\/p>\n<p style=\"margin: 0cm 0.7pt 0.7pt 8.8pt; font-size: 11pt; font-family: Verdana, sans-serif; text-indent: -6.85pt; line-height: 13.933333396911621px;\">&#8211;\u00a0\u00a0leur production laiti\u00e8re est ascendante jusqu\u2019\u00e0 la 7<sup>e<\/sup>\u00a0lactation environ.<\/p>\n<p style=\"margin: 0cm -0.75pt 0.75pt 1.7pt; font-size: 11pt; font-family: Verdana, sans-serif; text-indent: -0.5pt;\">F\u00e9condit\u00e9<\/p>\n<p style=\"margin: 0cm 0.7pt 0.7pt 8.8pt; font-size: 11pt; font-family: Verdana, sans-serif; text-indent: -6.85pt; line-height: 13.933333396911621px;\">&#8211;\u00a0\u00a0facilit\u00e9 de v\u00ealage, 90% sans aide<\/p>\n<p style=\"margin: 0cm 0.7pt 0.7pt 8.8pt; font-size: 11pt; font-family: Verdana, sans-serif; text-indent: -6.85pt; line-height: 13.933333396911621px;\">&#8211;\u00a0\u00a0taux de non-retour des chaleurs \u00e9lev\u00e9 et un veau chaque ann\u00e9e<\/p>\n<p style=\"margin: 0cm 0.7pt 0.7pt 8.8pt; font-size: 11pt; font-family: Verdana, sans-serif; text-indent: -6.85pt; line-height: 13.933333396911621px;\">&#8211;\u00a0\u00a0premier v\u00ealage entre 25-30 mois<\/p>\n<p style=\"margin: 0cm -0.75pt 0.75pt 1.7pt; font-size: 11pt; font-family: Verdana, sans-serif; text-indent: -0.5pt;\">Disposition \u00e0 l\u2019engraissement chez les veaux<\/p>\n<p style=\"margin: 0cm 0.7pt 0.7pt 8.8pt; font-size: 11pt; font-family: Verdana, sans-serif; text-indent: -6.85pt; line-height: 13.933333396911621px;\">&#8211;\u00a0\u00a0bonne aptitude \u00e0 l\u2019engraissement des veaux, de race pure ou lors de croisements d\u2019usage<\/p>\n<p style=\"margin: 0cm -0.75pt 0.75pt 1.7pt; font-size: 11pt; font-family: Verdana, sans-serif; text-indent: -0.5pt;\">Motifs d\u2019exclusion pour la reproduction en \u00e9levage<\/p>\n<p style=\"margin: 0cm 0.7pt 0.7pt 16.45pt; font-size: 11pt; font-family: Verdana, sans-serif; line-height: 13.933333396911621px;\">vaches\u00a0avec une hauteur au garrot sup\u00e9rieure \u00e0 122 cm (si seul le garrot est mesur\u00e9)<\/p>\n<p style=\"margin: 0cm 0.7pt 0.7pt 8.8pt; font-size: 11pt; font-family: Verdana, sans-serif; text-indent: -6.85pt; line-height: 13.933333396911621px;\">&#8211;\u00a0\u00a0vaches avec une hauteur au sacrum sup\u00e9rieure \u00e0 126 cm (d\u00e8s le 01.08.2011)*<\/p>\n<p style=\"margin: 0cm 0.7pt 0.7pt 8.8pt; font-size: 11pt; font-family: Verdana, sans-serif; text-indent: -6.85pt; line-height: 13.933333396911621px;\">&#8211;\u00a0\u00a0animaux tach\u00e9s de noir dans le pelage<\/p>\n<p style=\"margin: 0cm 0.7pt 0.7pt 36pt; font-size: 11pt; font-family: Verdana, sans-serif; text-indent: -18pt; line-height: 13.933333396911621px;\">\u00b7\u00a0\u00a0\u00a0\u00a0\u00a0\u00a0\u00a0\u00a0\u00a0La DLC exige la hauteur au sacrum depuis ao\u00fbt 2011. Jusqu\u2019alors, la hauteur maximale \u00e9tait de 122 cm au garrot pour les m\u00e8res de taureaux et les animaux femelles au b\u00e9n\u00e9fice d\u2019un certificat de performance A. Cette mesure est remplac\u00e9e par celle de 126 cm au sacrum.<\/p>\n<p style=\"margin: 0cm 0.7pt 0.7pt 0cm; font-size: 11pt; font-family: Verdana, sans-serif; line-height: 13.933333396911621px;\">\n<\/td>\n<\/tr>\n<tr>\n<td style=\"width: 1015.65625px; border-top-style: none; border-right-style: none; border-left-style: none; border-bottom-width: 1pt; border-bottom-color: green; padding: 0cm 5.4pt;\" colspan=\"6\" valign=\"top\" width=\"100%\">\n<p style=\"margin: 0cm 0cm 0.0001pt; font-size: 11pt; font-family: Verdana, sans-serif;\">\n<\/td>\n<\/tr>\n<\/tbody>\n<\/table>\n<p><img loading=\"lazy\" decoding=\"async\" src=\"https:\/\/test.hinterwaeldervieh.ch\/wp-content\/uploads\/2020\/02\/HW_Hinterw\u00e4lder_Rinder_Vliess_Fell_1-1024x768.jpg\" sizes=\"auto, (max-width: 1024px) 100vw, 1024px\" srcset=\"https:\/\/test.hinterwaeldervieh.ch\/wp-content\/uploads\/2020\/02\/HW_Hinterw\u00e4lder_Rinder_Vliess_Fell_1-1024x768.jpg 1024w, https:\/\/test.hinterwaeldervieh.ch\/wp-content\/uploads\/2020\/02\/HW_Hinterw\u00e4lder_Rinder_Vliess_Fell_1-300x225.jpg 300w, https:\/\/test.hinterwaeldervieh.ch\/wp-content\/uploads\/2020\/02\/HW_Hinterw\u00e4lder_Rinder_Vliess_Fell_1-768x576.jpg 768w, https:\/\/test.hinterwaeldervieh.ch\/wp-content\/uploads\/2020\/02\/HW_Hinterw\u00e4lder_Rinder_Vliess_Fell_1.jpg 2048w\" alt=\"\" width=\"1024\" height=\"768\" \/><br \/>\n<img loading=\"lazy\" decoding=\"async\" src=\"https:\/\/test.hinterwaeldervieh.ch\/wp-content\/uploads\/2020\/02\/HW_Hinterw\u00e4lder_Rinder_Vliess_Fell_2-1024x768.jpg\" sizes=\"auto, (max-width: 1024px) 100vw, 1024px\" srcset=\"https:\/\/test.hinterwaeldervieh.ch\/wp-content\/uploads\/2020\/02\/HW_Hinterw\u00e4lder_Rinder_Vliess_Fell_2-1024x768.jpg 1024w, https:\/\/test.hinterwaeldervieh.ch\/wp-content\/uploads\/2020\/02\/HW_Hinterw\u00e4lder_Rinder_Vliess_Fell_2-300x225.jpg 300w, https:\/\/test.hinterwaeldervieh.ch\/wp-content\/uploads\/2020\/02\/HW_Hinterw\u00e4lder_Rinder_Vliess_Fell_2-768x576.jpg 768w, https:\/\/test.hinterwaeldervieh.ch\/wp-content\/uploads\/2020\/02\/HW_Hinterw\u00e4lder_Rinder_Vliess_Fell_2.jpg 2048w\" alt=\"\" width=\"1024\" height=\"768\" \/><br \/>\n<img loading=\"lazy\" decoding=\"async\" src=\"https:\/\/test.hinterwaeldervieh.ch\/wp-content\/uploads\/2020\/02\/HW_Hinterw\u00e4lder_Rinder_Vliess_Fell_6-1-1024x768.jpg\" sizes=\"auto, (max-width: 1024px) 100vw, 1024px\" srcset=\"https:\/\/test.hinterwaeldervieh.ch\/wp-content\/uploads\/2020\/02\/HW_Hinterw\u00e4lder_Rinder_Vliess_Fell_6-1-1024x768.jpg 1024w, https:\/\/test.hinterwaeldervieh.ch\/wp-content\/uploads\/2020\/02\/HW_Hinterw\u00e4lder_Rinder_Vliess_Fell_6-1-300x225.jpg 300w, https:\/\/test.hinterwaeldervieh.ch\/wp-content\/uploads\/2020\/02\/HW_Hinterw\u00e4lder_Rinder_Vliess_Fell_6-1-768x576.jpg 768w, https:\/\/test.hinterwaeldervieh.ch\/wp-content\/uploads\/2020\/02\/HW_Hinterw\u00e4lder_Rinder_Vliess_Fell_6-1.jpg 2048w\" alt=\"\" width=\"1024\" height=\"768\" \/><br \/>\n<img loading=\"lazy\" decoding=\"async\" src=\"https:\/\/test.hinterwaeldervieh.ch\/wp-content\/uploads\/2020\/02\/HW_Hinterw\u00e4lder_Rinder_Vliess_Fell_5-1024x768.jpg\" sizes=\"auto, (max-width: 1024px) 100vw, 1024px\" srcset=\"https:\/\/test.hinterwaeldervieh.ch\/wp-content\/uploads\/2020\/02\/HW_Hinterw\u00e4lder_Rinder_Vliess_Fell_5-1024x768.jpg 1024w, https:\/\/test.hinterwaeldervieh.ch\/wp-content\/uploads\/2020\/02\/HW_Hinterw\u00e4lder_Rinder_Vliess_Fell_5-300x225.jpg 300w, https:\/\/test.hinterwaeldervieh.ch\/wp-content\/uploads\/2020\/02\/HW_Hinterw\u00e4lder_Rinder_Vliess_Fell_5-768x576.jpg 768w, https:\/\/test.hinterwaeldervieh.ch\/wp-content\/uploads\/2020\/02\/HW_Hinterw\u00e4lder_Rinder_Vliess_Fell_5.jpg 2048w\" alt=\"\" width=\"1024\" height=\"768\" \/><\/p>\n<p dir=\"ltr\" style=\"line-height: 1.3800000000000001; margin-top: 0pt; margin-bottom: 0pt;\"><b>Familles d&#8217;\u00e9levage de l&#8217;Hinterwald<br \/>\n<\/b><\/p>\n<p dir=\"ltr\" style=\"line-height: 1.3800000000000001; margin-top: 0pt; margin-bottom: 0pt;\"><b>\u00a0<\/b><\/p>\n<p dir=\"ltr\" style=\"line-height: 1.3800000000000001; margin-top: 0pt; margin-bottom: 0pt;\">Les appr\u00e9ciations des familles d&#8217;\u00e9levage Hinterw\u00e4lder sont effectu\u00e9es au printemps par l&#8217;expert en chef Philipp Dahinden. Chaque famille est \u00e9valu\u00e9e en tant que groupe. Les descendants directs de la vache m\u00e8re sont d\u00e9terminants.<\/p>\n<p><b>Sont consid\u00e9r\u00e9s comme famille d&#8217;\u00e9levage<\/b><\/p>\n<p dir=\"ltr\" style=\"line-height: 1.3800000000000001; margin-top: 0pt; margin-bottom: 0pt;\">Une vache souche (pas n\u00e9cessairement vivante, mais ayant fait l&#8217;objet d&#8217;une appr\u00e9ciation lin\u00e9aire).<\/p>\n<p>Au moins quatre descendants directs de race pure avec ALA doivent \u00eatre mentionn\u00e9s.<\/p>\n<p dir=\"ltr\" style=\"line-height: 1.3800000000000001; margin-top: 0pt; margin-bottom: 0pt;\">Exigences :<\/p>\n<p dir=\"ltr\" style=\"line-height: 1.3800000000000001; margin-top: 0pt; margin-bottom: 0pt;\">&#8211; pour les exploitations de traite : deux vaches \u00e0 traire avec au moins une lactation achev\u00e9e.<br \/>\n&#8211; dans les \u00e9levages de vaches allaitantes : deux vaches allaitantes avec au moins un veau sevr\u00e9.<br \/>\nLes autres descendants peuvent \u00eatre en lactation, des g\u00e9nisses, des taureaux ou des veaux.<\/p>\n<p dir=\"ltr\" style=\"line-height: 1.3800000000000001; margin-top: 0pt; margin-bottom: 0pt;\"><strong>Inscriptions des animaux<\/strong>, avec nom et num\u00e9ro de marque auriculaire, jusqu&#8217;au 1er f\u00e9vrier \u00e0 Kathrin Berger,<br \/>\nk.berger@hinterwaeldervieh.ch<\/p>\n<p dir=\"ltr\" style=\"line-height: 1.3800000000000001; margin-top: 0pt; margin-bottom: 0pt;\">034 402 32 37 ou 079 679 31 61 .<\/p>\n<p dir=\"ltr\" style=\"line-height: 1.3800000000000001; margin-top: 0pt; margin-bottom: 0pt;\">Nous transmettons les inscriptions \u00e0 BraunviehCH,<br \/>\nLa date de l&#8217;\u00e9valuation des familles d&#8217;\u00e9levage vous sera ensuite communiqu\u00e9e par BraunviehCH.<\/p>\n<p dir=\"ltr\" style=\"line-height: 1.3800000000000001; margin-top: 0pt; margin-bottom: 0pt;\">classification:<\/p>\n<p dir=\"ltr\" style=\"line-height: 1.3800000000000001; margin-top: 0pt; margin-bottom: 0pt;\">Classe A pour une excellente famille 45-60 points<\/p>\n<p dir=\"ltr\" style=\"line-height: 1.3800000000000001; margin-top: 0pt; margin-bottom: 0pt;\">Classe B pour bonne \u00e0 tr\u00e8s bonne famille 35-44 points<\/p>\n<p dir=\"ltr\" style=\"line-height: 1.3800000000000001; margin-top: 0pt; margin-bottom: 0pt;\">Classe C pour famille suffisante \u00e0 droite jusqu&#8217;\u00e0 et y compris 34 points<\/p>\n<p><b style=\"caret-color: #000000; color: #000000; font-style: normal; font-variant-caps: normal; letter-spacing: normal; orphans: auto; text-align: start; text-indent: 0px; text-transform: none; white-space: normal; widows: auto; word-spacing: 0px; -webkit-text-size-adjust: auto; -webkit-text-stroke-width: 0px; text-decoration: none; font-weight: normal;\">\u00a0<\/b><\/p>\n<p dir=\"ltr\" style=\"line-height: 1.3800000000000001; margin-top: 0pt; margin-bottom: 0pt;\">Ausschnitt aus Bewertungskarte:<\/p>\n<table style=\"border: none; border-collapse: collapse;\">\n<colgroup>\n<col width=\"83\" \/>\n<col width=\"128\" \/>\n<col width=\"113\" \/>\n<col width=\"112\" \/><\/colgroup>\n<tbody>\n<tr style=\"height: 14.4pt;\">\n<td style=\"border-bottom-width: 0.5pt; border-bottom-style: solid; border-bottom-color: #000000; vertical-align: bottom; padding: 0pt 3.5pt; overflow: hidden; overflow-wrap: break-word;\"><\/td>\n<td style=\"border-right-width: 0.5pt; border-right-style: solid; border-right-color: #000000; border-bottom-width: 0.5pt; border-bottom-style: solid; border-bottom-color: #000000; vertical-align: bottom; padding: 0pt 3.5pt; overflow: hidden; overflow-wrap: break-word;\"><\/td>\n<td style=\"border: 0.5pt solid #000000; vertical-align: bottom; padding: 0pt 3.5pt; overflow: hidden; overflow-wrap: break-word;\">\n<p dir=\"ltr\" style=\"line-height: 1.2; margin-top: 0pt; margin-bottom: 0pt;\">Maximale Punkte<\/p>\n<\/td>\n<td style=\"border: 0.5pt solid #000000; vertical-align: bottom; padding: 0pt 3.5pt; overflow: hidden; overflow-wrap: break-word;\">\n<p dir=\"ltr\" style=\"line-height: 1.2; margin-top: 0pt; margin-bottom: 0pt;\">Effektive Punkte<\/p>\n<\/td>\n<\/tr>\n<tr style=\"height: 115.2pt;\">\n<td style=\"border: 0.5pt solid #000000; vertical-align: bottom; padding: 0pt 3.5pt; overflow: hidden; overflow-wrap: break-word;\">\n<p dir=\"ltr\" style=\"line-height: 1.2; text-align: center; margin-top: 0pt; margin-bottom: 0pt;\">\u00d8 Leistungen<\/p>\n<\/td>\n<td style=\"border: 0.5pt solid #000000; vertical-align: bottom; padding: 0pt 3.5pt; overflow: hidden; overflow-wrap: break-word;\">\n<p dir=\"ltr\" style=\"line-height: 1.2; margin-top: 0pt; margin-bottom: 0pt;\">mit MLP<br \/>\nohne MLP<br \/>\n&#8212;&#8212;&#8212;&#8212;&#8212;&#8212;&#8212;&#8212;<br \/>\nPunkte Leistung<\/p>\n<\/td>\n<td style=\"border: 0.5pt solid #000000; vertical-align: bottom; padding: 0pt 3.5pt; overflow: hidden; overflow-wrap: break-word;\">5<br \/>\n5<br \/>\n&#8212;&#8212;&#8212;&#8212;&#8212;&#8212;&#8212;<br \/>\n5<\/td>\n<td style=\"border: 0.5pt solid #000000; vertical-align: bottom; padding: 0pt 3.5pt; overflow: hidden; overflow-wrap: break-word;\">\n<p dir=\"ltr\" style=\"line-height: 1.2; margin-top: 0pt; margin-bottom: 0pt;\">&#8212;&#8212;&#8212;&#8212;&#8212;&#8212;&#8212;<\/p>\n<\/td>\n<\/tr>\n<tr style=\"height: 111.6pt;\">\n<td style=\"border: 0.5pt solid #000000; vertical-align: bottom; padding: 0pt 3.5pt; overflow: hidden; overflow-wrap: break-word;\">\n<p dir=\"ltr\" style=\"line-height: 1.2; text-align: center; margin-top: 0pt; margin-bottom: 0pt;\">\u00d8 der<br \/>\naufgef\u00fchrten<br \/>\nNachkommen<\/p>\n<\/td>\n<td style=\"border: 0.5pt solid #000000; vertical-align: bottom; padding: 0pt 3.5pt; overflow: hidden; overflow-wrap: break-word;\">\n<p dir=\"ltr\" style=\"line-height: 1.2; margin-top: 0pt; margin-bottom: 0pt;\">Rahmen<br \/>\nBecken<br \/>\nFundament<br \/>\nEuter<br \/>\nZitzen<br \/>\n&#8212;&#8212;&#8212;&#8212;&#8212;&#8212;&#8212;&#8212;-<br \/>\nPunkte Exterieur<\/p>\n<\/td>\n<td style=\"border: 0.5pt solid #000000; vertical-align: bottom; padding: 0pt 3.5pt; overflow: hidden; overflow-wrap: break-word;\">\n<p dir=\"ltr\" style=\"line-height: 1.2; text-align: center; margin-top: 0pt; margin-bottom: 0pt;\">12<br \/>\n3<br \/>\n12<br \/>\n10<br \/>\n3<br \/>\n&#8212;&#8212;&#8212;&#8212;&#8212;&#8212;&#8212;-<br \/>\n45<\/p>\n<\/td>\n<td style=\"border: 0.5pt solid #000000; vertical-align: bottom; padding: 0pt 3.5pt; overflow: hidden; overflow-wrap: break-word;\">\n<p dir=\"ltr\" style=\"line-height: 1.2; margin-top: 0pt; margin-bottom: 0pt;\">&#8212;&#8212;&#8212;&#8212;&#8212;&#8212;&#8212;-<\/p>\n<\/td>\n<\/tr>\n<tr style=\"height: 14.4pt;\">\n<td style=\"border-right-width: 0.5pt; border-right-style: solid; border-right-color: #000000; border-top-width: 0.5pt; border-top-style: solid; border-top-color: #000000; vertical-align: bottom; padding: 0pt 3.5pt; overflow: hidden; overflow-wrap: break-word;\"><\/td>\n<td style=\"border: 0.5pt solid #000000; vertical-align: bottom; padding: 0pt 3.5pt; overflow: hidden; overflow-wrap: break-word;\">\n<p dir=\"ltr\" style=\"line-height: 1.2; margin-top: 0pt; margin-bottom: 0pt;\">Bemuskelung<\/p>\n<\/td>\n<td style=\"border: 0.5pt solid #000000; vertical-align: bottom; padding: 0pt 3.5pt; overflow: hidden; overflow-wrap: break-word;\">\n<p dir=\"ltr\" style=\"line-height: 1.2; text-align: center; margin-top: 0pt; margin-bottom: 0pt;\">5<\/p>\n<\/td>\n<td style=\"border: 0.5pt solid #000000; vertical-align: bottom; padding: 0pt 3.5pt; overflow: hidden; overflow-wrap: break-word;\">\n<p dir=\"ltr\" style=\"line-height: 1.2; margin-top: 0pt; margin-bottom: 0pt;\">\n<\/td>\n<\/tr>\n<tr style=\"height: 14.4pt;\">\n<td style=\"border-right-width: 0.5pt; border-right-style: solid; border-right-color: #000000; vertical-align: bottom; padding: 0pt 3.5pt; overflow: hidden; overflow-wrap: break-word;\"><\/td>\n<td style=\"border: 0.5pt solid #000000; vertical-align: bottom; padding: 0pt 3.5pt; overflow: hidden; overflow-wrap: break-word;\">\n<p dir=\"ltr\" style=\"line-height: 1.2; margin-top: 0pt; margin-bottom: 0pt;\">Gesamteindruck<\/p>\n<\/td>\n<td style=\"border: 0.5pt solid #000000; vertical-align: bottom; padding: 0pt 3.5pt; overflow: hidden; overflow-wrap: break-word;\">\n<p dir=\"ltr\" style=\"line-height: 1.2; text-align: center; margin-top: 0pt; margin-bottom: 0pt;\">10<\/p>\n<\/td>\n<td style=\"border: 0.5pt solid #000000; vertical-align: bottom; padding: 0pt 3.5pt; overflow: hidden; overflow-wrap: break-word;\">\n<p dir=\"ltr\" style=\"line-height: 1.2; margin-top: 0pt; margin-bottom: 0pt;\">\n<\/td>\n<\/tr>\n<tr style=\"height: 14.4pt;\">\n<td style=\"border-right-width: 0.5pt; border-right-style: solid; border-right-color: #000000; vertical-align: bottom; padding: 0pt 3.5pt; overflow: hidden; overflow-wrap: break-word;\"><\/td>\n<td style=\"border: 0.5pt solid #000000; vertical-align: bottom; padding: 0pt 3.5pt; overflow: hidden; overflow-wrap: break-word;\">\n<p dir=\"ltr\" style=\"line-height: 1.2; margin-top: 0pt; margin-bottom: 0pt;\">Gesamttotal<\/p>\n<\/td>\n<td style=\"border: 0.5pt solid #000000; vertical-align: bottom; padding: 0pt 3.5pt; overflow: hidden; overflow-wrap: break-word;\">\n<p dir=\"ltr\" style=\"line-height: 1.2; text-align: center; margin-top: 0pt; margin-bottom: 0pt;\">60<\/p>\n<\/td>\n<td style=\"border: 0.5pt solid #000000; vertical-align: bottom; padding: 0pt 3.5pt; overflow: hidden; overflow-wrap: break-word;\">\n<p dir=\"ltr\" style=\"line-height: 1.2; margin-top: 0pt; margin-bottom: 0pt;\">\n<\/td>\n<\/tr>\n<tr style=\"height: 19.95pt;\">\n<td style=\"vertical-align: bottom; padding: 0pt 3.5pt; overflow: hidden; overflow-wrap: break-word;\"><\/td>\n<td style=\"border-top-width: 0.5pt; border-top-style: solid; border-top-color: #000000; vertical-align: bottom; padding: 0pt 3.5pt; overflow: hidden; overflow-wrap: break-word;\"><\/td>\n<td style=\"border-right-width: 0.5pt; border-right-style: solid; border-right-color: #000000; border-top-width: 0.5pt; border-top-style: solid; border-top-color: #000000; vertical-align: bottom; padding: 0pt 3.5pt; overflow: hidden; overflow-wrap: break-word;\"><\/td>\n<td style=\"border: 0.5pt solid #000000; vertical-align: bottom; padding: 0pt 3.5pt; overflow: hidden; overflow-wrap: break-word;\">\n<p dir=\"ltr\" style=\"line-height: 1.2; margin-top: 0pt; margin-bottom: 0pt;\">Klasse:<\/p>\n<\/td>\n<\/tr>\n<\/tbody>\n<\/table>\n<p><b style=\"caret-color: #000000; color: #000000; font-style: normal; font-variant-caps: normal; letter-spacing: normal; orphans: auto; text-align: start; text-indent: 0px; text-transform: none; white-space: normal; widows: auto; word-spacing: 0px; -webkit-text-size-adjust: auto; -webkit-text-stroke-width: 0px; text-decoration: none; font-weight: normal;\">\u00a0<\/b><\/p>\n<p dir=\"ltr\" style=\"line-height: 1.3800000000000001; margin-top: 0pt; margin-bottom: 0pt;\">primes:<\/p>\n<p dir=\"ltr\" style=\"line-height: 1.3800000000000001; margin-top: 0pt; margin-bottom: 0pt;\">A-classe Fr. 300.00<\/p>\n<p dir=\"ltr\" style=\"line-height: 1.3800000000000001; margin-top: 0pt; margin-bottom: 0pt;\">B-classe Fr. 200.00<\/p>\n<p dir=\"ltr\" style=\"line-height: 1.3800000000000001; margin-top: 0pt; margin-bottom: 0pt;\">C-classe Fr. 100.00<\/p>\n","protected":false},"excerpt":{"rendered":"<p>Informations sur l\u2019\u00e9levage Description de la race C\u2019est une vache l\u00e9g\u00e8re, tachet\u00e9e rouge\/brun, plut\u00f4t petite, entre 112 et 122 cm de hauteur au garrot. Elle est vive et intelligente! Elle se pr\u00eate \u00e0 la d\u00e9tention comme vache \u00e0 traire et comme vache allaitante. Son exellente capacit\u00e9 de mise en valeur du fourrage grossier permet \u00e0 [&hellip;]<\/p>\n","protected":false},"author":1,"featured_media":465,"parent":0,"menu_order":0,"comment_status":"closed","ping_status":"closed","template":"","meta":{"footnotes":""},"class_list":["post-42","page","type-page","status-publish","has-post-thumbnail","hentry","entry","has-media"],"translation":{"provider":"WPGlobus","version":"2.12.2","language":"fr","enabled_languages":["de","fr"],"languages":{"de":{"title":true,"content":true,"excerpt":false},"fr":{"title":true,"content":true,"excerpt":false}}},"yoast_head":"<!-- This site is optimized with the Yoast SEO plugin v21.6 - https:\/\/yoast.com\/wordpress\/plugins\/seo\/ -->\n<title>Informations sur l\u2019\u00e9levage - Association Suisse d`\u00e9levage de la vache d`Hinterwald<\/title>\n<meta name=\"robots\" content=\"noindex, follow, max-snippet:-1, max-image-preview:large, max-video-preview:-1\" \/>\n<meta property=\"og:locale\" content=\"fr_FR\" \/>\n<meta property=\"og:type\" content=\"article\" \/>\n<meta property=\"og:title\" content=\"Informations sur l\u2019\u00e9levage - Association Suisse d`\u00e9levage de la vache d`Hinterwald\" \/>\n<meta property=\"og:url\" content=\"https:\/\/test.hinterwaeldervieh.ch\/zuechterisches\/\" \/>\n<meta property=\"og:site_name\" content=\"Association Suisse d`\u00e9levage de la vache d`Hinterwald\" \/>\n<meta property=\"article:modified_time\" content=\"2026-01-29T13:44:03+00:00\" \/>\n<meta property=\"og:image\" content=\"https:\/\/test.hinterwaeldervieh.ch\/wp-content\/uploads\/2020\/02\/Hinterw\u00e4lder_Schau_3.5.2008_BEA_39a.jpg\" \/>\n\t<meta property=\"og:image:width\" content=\"1271\" \/>\n\t<meta property=\"og:image:height\" content=\"1147\" \/>\n\t<meta property=\"og:image:type\" content=\"image\/jpeg\" \/>\n<meta name=\"twitter:card\" content=\"summary_large_image\" \/>\n<meta name=\"twitter:label1\" content=\"Est. reading time\" \/>\n\t<meta name=\"twitter:data1\" content=\"5 minutes\" \/>\n<script type=\"application\/ld+json\" class=\"yoast-schema-graph\">{\"@context\":\"https:\/\/schema.org\",\"@graph\":[{\"@type\":\"WebPage\",\"@id\":\"https:\/\/test.hinterwaeldervieh.ch\/zuechterisches\/\",\"url\":\"https:\/\/test.hinterwaeldervieh.ch\/zuechterisches\/\",\"name\":\"Informations sur l\u2019\u00e9levage - Association Suisse d`\u00e9levage de la vache d`Hinterwald\",\"isPartOf\":{\"@id\":\"https:\/\/test.hinterwaeldervieh.ch\/#website\"},\"datePublished\":\"2019-04-08T17:12:34+00:00\",\"dateModified\":\"2026-01-29T13:44:03+00:00\",\"breadcrumb\":{\"@id\":\"https:\/\/test.hinterwaeldervieh.ch\/zuechterisches\/#breadcrumb\"},\"inLanguage\":\"fr-FR\",\"potentialAction\":[{\"@type\":\"ReadAction\",\"target\":[\"https:\/\/test.hinterwaeldervieh.ch\/zuechterisches\/\"]}]},{\"@type\":\"BreadcrumbList\",\"@id\":\"https:\/\/test.hinterwaeldervieh.ch\/zuechterisches\/#breadcrumb\",\"itemListElement\":[{\"@type\":\"ListItem\",\"position\":1,\"name\":\"Home\",\"item\":\"https:\/\/test.hinterwaeldervieh.ch\/\"},{\"@type\":\"ListItem\",\"position\":2,\"name\":\"Informationen \u00fcber die Rasse\"}]},{\"@type\":\"WebSite\",\"@id\":\"https:\/\/test.hinterwaeldervieh.ch\/#website\",\"url\":\"https:\/\/test.hinterwaeldervieh.ch\/\",\"name\":\"Schweizerischer Hinterw\u00e4lder Zuchtverein\",\"description\":\"\",\"publisher\":{\"@id\":\"https:\/\/test.hinterwaeldervieh.ch\/#organization\"},\"potentialAction\":[{\"@type\":\"SearchAction\",\"target\":{\"@type\":\"EntryPoint\",\"urlTemplate\":\"https:\/\/test.hinterwaeldervieh.ch\/?s={search_term_string}\"},\"query-input\":\"required name=search_term_string\"}],\"inLanguage\":\"fr-FR\"},{\"@type\":\"Organization\",\"@id\":\"https:\/\/test.hinterwaeldervieh.ch\/#organization\",\"name\":\"Hinterw\u00e4lder Zuchtverein\",\"url\":\"https:\/\/test.hinterwaeldervieh.ch\/\",\"logo\":{\"@type\":\"ImageObject\",\"inLanguage\":\"fr-FR\",\"@id\":\"https:\/\/test.hinterwaeldervieh.ch\/#\/schema\/logo\/image\/\",\"url\":\"https:\/\/test.hinterwaeldervieh.ch\/wp-content\/uploads\/2019\/10\/LOGO-SHZ.jpg\",\"contentUrl\":\"https:\/\/test.hinterwaeldervieh.ch\/wp-content\/uploads\/2019\/10\/LOGO-SHZ.jpg\",\"width\":1580,\"height\":848,\"caption\":\"Hinterw\u00e4lder Zuchtverein\"},\"image\":{\"@id\":\"https:\/\/test.hinterwaeldervieh.ch\/#\/schema\/logo\/image\/\"}}]}<\/script>\n<!-- \/ Yoast SEO plugin. -->","yoast_head_json":{"title":"Informations sur l\u2019\u00e9levage - Association Suisse d`\u00e9levage de la vache d`Hinterwald","robots":{"index":"noindex","follow":"follow","max-snippet":"max-snippet:-1","max-image-preview":"max-image-preview:large","max-video-preview":"max-video-preview:-1"},"og_locale":"fr_FR","og_type":"article","og_title":"Informations sur l\u2019\u00e9levage - Association Suisse d`\u00e9levage de la vache d`Hinterwald","og_url":"https:\/\/test.hinterwaeldervieh.ch\/zuechterisches\/","og_site_name":"Association Suisse d`\u00e9levage de la vache d`Hinterwald","article_modified_time":"2026-01-29T13:44:03+00:00","og_image":[{"width":1271,"height":1147,"url":"https:\/\/test.hinterwaeldervieh.ch\/wp-content\/uploads\/2020\/02\/Hinterw\u00e4lder_Schau_3.5.2008_BEA_39a.jpg","type":"image\/jpeg"}],"twitter_card":"summary_large_image","twitter_misc":{"Est. reading time":"5 minutes"},"schema":{"@context":"https:\/\/schema.org","@graph":[{"@type":"WebPage","@id":"https:\/\/test.hinterwaeldervieh.ch\/zuechterisches\/","url":"https:\/\/test.hinterwaeldervieh.ch\/zuechterisches\/","name":"Informations sur l\u2019\u00e9levage - Association Suisse d`\u00e9levage de la vache d`Hinterwald","isPartOf":{"@id":"https:\/\/test.hinterwaeldervieh.ch\/#website"},"datePublished":"2019-04-08T17:12:34+00:00","dateModified":"2026-01-29T13:44:03+00:00","breadcrumb":{"@id":"https:\/\/test.hinterwaeldervieh.ch\/zuechterisches\/#breadcrumb"},"inLanguage":"fr-FR","potentialAction":[{"@type":"ReadAction","target":["https:\/\/test.hinterwaeldervieh.ch\/zuechterisches\/"]}]},{"@type":"BreadcrumbList","@id":"https:\/\/test.hinterwaeldervieh.ch\/zuechterisches\/#breadcrumb","itemListElement":[{"@type":"ListItem","position":1,"name":"Home","item":"https:\/\/test.hinterwaeldervieh.ch\/"},{"@type":"ListItem","position":2,"name":"Informationen \u00fcber die Rasse"}]},{"@type":"WebSite","@id":"https:\/\/test.hinterwaeldervieh.ch\/#website","url":"https:\/\/test.hinterwaeldervieh.ch\/","name":"Schweizerischer Hinterw\u00e4lder Zuchtverein","description":"","publisher":{"@id":"https:\/\/test.hinterwaeldervieh.ch\/#organization"},"potentialAction":[{"@type":"SearchAction","target":{"@type":"EntryPoint","urlTemplate":"https:\/\/test.hinterwaeldervieh.ch\/?s={search_term_string}"},"query-input":"required name=search_term_string"}],"inLanguage":"fr-FR"},{"@type":"Organization","@id":"https:\/\/test.hinterwaeldervieh.ch\/#organization","name":"Hinterw\u00e4lder Zuchtverein","url":"https:\/\/test.hinterwaeldervieh.ch\/","logo":{"@type":"ImageObject","inLanguage":"fr-FR","@id":"https:\/\/test.hinterwaeldervieh.ch\/#\/schema\/logo\/image\/","url":"https:\/\/test.hinterwaeldervieh.ch\/wp-content\/uploads\/2019\/10\/LOGO-SHZ.jpg","contentUrl":"https:\/\/test.hinterwaeldervieh.ch\/wp-content\/uploads\/2019\/10\/LOGO-SHZ.jpg","width":1580,"height":848,"caption":"Hinterw\u00e4lder Zuchtverein"},"image":{"@id":"https:\/\/test.hinterwaeldervieh.ch\/#\/schema\/logo\/image\/"}}]}},"_links":{"self":[{"href":"https:\/\/test.hinterwaeldervieh.ch\/fr\/wp-json\/wp\/v2\/pages\/42","targetHints":{"allow":["GET"]}}],"collection":[{"href":"https:\/\/test.hinterwaeldervieh.ch\/fr\/wp-json\/wp\/v2\/pages"}],"about":[{"href":"https:\/\/test.hinterwaeldervieh.ch\/fr\/wp-json\/wp\/v2\/types\/page"}],"author":[{"embeddable":true,"href":"https:\/\/test.hinterwaeldervieh.ch\/fr\/wp-json\/wp\/v2\/users\/1"}],"replies":[{"embeddable":true,"href":"https:\/\/test.hinterwaeldervieh.ch\/fr\/wp-json\/wp\/v2\/comments?post=42"}],"version-history":[{"count":42,"href":"https:\/\/test.hinterwaeldervieh.ch\/fr\/wp-json\/wp\/v2\/pages\/42\/revisions"}],"predecessor-version":[{"id":1540,"href":"https:\/\/test.hinterwaeldervieh.ch\/fr\/wp-json\/wp\/v2\/pages\/42\/revisions\/1540"}],"wp:featuredmedia":[{"embeddable":true,"href":"https:\/\/test.hinterwaeldervieh.ch\/fr\/wp-json\/wp\/v2\/media\/465"}],"wp:attachment":[{"href":"https:\/\/test.hinterwaeldervieh.ch\/fr\/wp-json\/wp\/v2\/media?parent=42"}],"curies":[{"name":"wp","href":"https:\/\/api.w.org\/{rel}","templated":true}]}}